{"id":652,"date":"2016-11-22T12:07:23","date_gmt":"2016-11-22T10:07:23","guid":{"rendered":"http:\/\/www.sztgotthard-altisk.hu\/?page_id=652"},"modified":"2017-09-01T08:48:58","modified_gmt":"2017-09-01T07:48:58","slug":"eredmenyek-2","status":"publish","type":"page","link":"https:\/\/sztgotthard-altisk.hu\/?page_id=652","title":{"rendered":"Eredm\u00e9nyek 2016-2017."},"content":{"rendered":"<table width=\"908\">\n<tbody>\n<tr>\n<td colspan=\"4\" width=\"908\">Szentgotth\u00e1rd \u00e9s T\u00e9rs\u00e9ge Iskola Sz\u00e9chenyi Istv\u00e1n 5- 8. \u00c9vfolyamos \u00c1ltal\u00e1nos Iskol\u00e1ja<\/td>\n<\/tr>\n<tr>\n<td colspan=\"4\"><span style=\"color: #ff0000;\"><strong>A 2016 \/ 2017- es tan\u00e9v tant\u00e1rgyi versenyeinek eredm\u00e9nyei<\/strong><\/span><\/td>\n<\/tr>\n<tr>\n<td><strong>Kateg\u00f3ria<\/strong><\/td>\n<td><strong>Tanul\u00f3<\/strong><\/td>\n<td><strong>Eredm\u00e9ny<\/strong><\/td>\n<td><strong>Felk\u00e9sz\u00edt\u0151<\/strong><\/td>\n<\/tr>\n<tr>\n<td colspan=\"4\">Matematika<\/td>\n<\/tr>\n<tr>\n<td>Bolyai J\u00e1nos\u00a0 Matematika Csapatverseny<\/td>\n<td>Baranyai Ferenc 7. a<\/td>\n<td rowspan=\"3\">megyei 7.<\/td>\n<td rowspan=\"3\">Tonweber \u00c1gnes<\/td>\n<\/tr>\n<tr>\n<td><\/td>\n<td>Nagy Viktor 7. a<\/td>\n<\/tr>\n<tr>\n<td><\/td>\n<td>Tak\u00e1cs Dori\u00e1n 7. a<\/td>\n<\/tr>\n<tr>\n<td>Zr\u00ednyi Ilona Matematika Verseny<\/td>\n<td>Pusk\u00e1s M\u00e1t\u00e9 6. b<\/td>\n<td width=\"198\">a megyei fordul\u00f3n az iskola<br \/>\nlegeredm\u00e9nyesebb versenyz\u0151je<\/td>\n<td width=\"184\">Kov\u00e1cs J\u00e1nosn\u00e9<br \/>\nKocsisn\u00e9 Tak\u00e1cs \u00c9va<\/td>\n<\/tr>\n<tr>\n<td colspan=\"4\">Magyar nyelv \u00e9s irodalom<\/td>\n<\/tr>\n<tr>\n<td width=\"364\">M\u00f3ra Ferenc V\u00e1rosi K\u00f6nyvt\u00e1r \u00e1ltal szervezett<\/td>\n<td>T\u00f3th Luca 6. b<\/td>\n<td>k\u00fcl\u00f6nd\u00edj<\/td>\n<td>L\u00e1szl\u00f3n\u00e9 Kir\u00e1ly T\u00fcnde<\/td>\n<\/tr>\n<tr>\n<td>vers- \u00e9s pr\u00f3zamond\u00f3 verseny<\/td>\n<td>Z\u00e1vecz Roland 8. b<\/td>\n<td>1. helyez\u00e9s<\/td>\n<td>Tak\u00e1cs Tiborn\u00e9<\/td>\n<\/tr>\n<tr>\n<td><\/td>\n<td>N\u00e9meth Ruben 7. c<\/td>\n<td>3. helyez\u00e9s<\/td>\n<td><\/td>\n<\/tr>\n<tr>\n<td><\/td>\n<td>Sebesty\u00e9n Vir\u00e1g 7. c<\/td>\n<td>k\u00fcl\u00f6nd\u00edj<\/td>\n<td><\/td>\n<\/tr>\n<tr>\n<td>Simonyi Zsigmond helyes\u00edr\u00e1si verseny<\/td>\n<td>Monek Hanna 6. b<\/td>\n<td>megyei 7.<\/td>\n<td>L\u00e1szl\u00f3n\u00e9 Kir\u00e1ly T\u00fcnde<\/td>\n<\/tr>\n<tr>\n<td><\/td>\n<td>Majoros Csenge 7. c<\/td>\n<td>megyei 17.<\/td>\n<td>Tak\u00e1cs Tiborn\u00e9<\/td>\n<\/tr>\n<tr>\n<td>Kazinczy sz\u00e9pkiejt\u00e9si verseny<\/td>\n<td>Z\u00e1vecz Roland 8. b<\/td>\n<td>ter\u00fcleti 2.<\/td>\n<td>Tak\u00e1cs Tiborn\u00e9<\/td>\n<\/tr>\n<tr>\n<td>Arany J\u00e1nos vers- , \u00e9nekelt vers- \u00e9s pr\u00f3zamond\u00f3 verseny<\/td>\n<td>Lugosi Lili\u00e1na 8. c<\/td>\n<td>arany min\u0151s\u00edt\u00e9s<\/td>\n<td>L\u00e1szl\u00f3n\u00e9 Kir\u00e1ly T\u00fcnde<\/td>\n<\/tr>\n<tr>\n<td><\/td>\n<td>N\u00e9meth Ruben 7. c<\/td>\n<td>ez\u00fcst min\u0151s\u00edt\u00e9s<\/td>\n<td>Tak\u00e1cs Tiborn\u00e9<\/td>\n<\/tr>\n<tr>\n<td><\/td>\n<td>Sebesty\u00e9n Vir\u00e1g 7. c<\/td>\n<td>ez\u00fcst min\u0151s\u00edt\u00e9s<\/td>\n<td>Tak\u00e1cs Tiborn\u00e9<\/td>\n<\/tr>\n<tr>\n<td><\/td>\n<td>Z\u00e1vecz Roland 8. b<\/td>\n<td>bronz min\u0151s\u00edt\u00e9s<\/td>\n<td>Tak\u00e1cs Tiborn\u00e9<\/td>\n<\/tr>\n<tr>\n<td colspan=\"4\">T\u00f6rt\u00e9nelem<\/td>\n<\/tr>\n<tr>\n<td>Vasi \u00c9rt\u00e9kt\u00e1r<\/td>\n<td>S\u00e1rv\u00e1ri Nelli 8. c<\/td>\n<td>megyei 12.<\/td>\n<td>Katona Be\u00e1ta<\/td>\n<\/tr>\n<tr>\n<td><\/td>\n<td>Pukhely Kata 8. c<\/td>\n<td><\/td>\n<td><\/td>\n<\/tr>\n<tr>\n<td><\/td>\n<td>Hertelendy Emese 8. c<\/td>\n<td><\/td>\n<td><\/td>\n<\/tr>\n<tr>\n<td><\/td>\n<td>Fodor Rebeka 8. c<\/td>\n<td><\/td>\n<td><\/td>\n<\/tr>\n<tr>\n<td>Szt. Gotth\u00e1rd napja<\/td>\n<td>Pukhely Kata 8. c<\/td>\n<td>2. helyez\u00e9s<\/td>\n<td>Katona Be\u00e1ta<\/td>\n<\/tr>\n<tr>\n<td><\/td>\n<td>Hertelendy Emese 8. c<\/td>\n<td><\/td>\n<td><\/td>\n<\/tr>\n<tr>\n<td><\/td>\n<td>Zaicz Botond 8. c<\/td>\n<td><\/td>\n<td><\/td>\n<\/tr>\n<tr>\n<td colspan=\"4\">N\u00e9met nyelv<\/td>\n<\/tr>\n<tr>\n<td>N\u00e9met nemzetis\u00e9gi szaval\u00f3verseny<\/td>\n<td>Mesics- Leiner F\u00e9lix 5. b<\/td>\n<td>megyei 2.<\/td>\n<td>Csuk Hajnalka<\/td>\n<\/tr>\n<tr>\n<td><\/td>\n<td><\/td>\n<td>ter\u00fcleti 22.<\/td>\n<td><\/td>\n<\/tr>\n<tr>\n<td><\/td>\n<td>Mikos Abig\u00e9l 5. b<\/td>\n<td>megyei 5.<\/td>\n<td><\/td>\n<\/tr>\n<tr>\n<td>N\u00e9met nemzetis\u00e9gi tanulm\u00e1nyi verseny<\/td>\n<td>Z\u00e1vecz Roland 8. b<\/td>\n<td>megyei 1.<\/td>\n<td>Csuk Hajnalka<\/td>\n<\/tr>\n<tr>\n<td><\/td>\n<td>P\u00e1vel L\u00f3r\u00e1nd 8. b<\/td>\n<td>megyei 4.<\/td>\n<td><\/td>\n<\/tr>\n<tr>\n<td><\/td>\n<td>Monek B\u00e1lint 8. b<\/td>\n<td>megyei 6.<\/td>\n<td><\/td>\n<\/tr>\n<tr>\n<td>Orsz\u00e1gos n\u00e9met nyelvi verseny<\/td>\n<td>Lacz\u00f3 L\u00e9vi 7. c<\/td>\n<td>megyei 3.<\/td>\n<td>Kr\u00e1nyecz Ter\u00e9z<\/td>\n<\/tr>\n<tr>\n<td colspan=\"4\">Angol nyelv<\/td>\n<\/tr>\n<tr>\n<td>Angol nyelvi szaval\u00f3verseny<\/td>\n<td>M\u00e1rton Alexa 8. c<\/td>\n<td>arany min\u0151s\u00edt\u00e9s<\/td>\n<td>Katona Be\u00e1ta<\/td>\n<\/tr>\n<tr>\n<td><\/td>\n<td>Lugosi Lili\u00e1na 8. c<\/td>\n<td>arany min\u0151s\u00edt\u00e9s<\/td>\n<td><\/td>\n<\/tr>\n<tr>\n<td><\/td>\n<td>Hertelendy Emese 8. c<\/td>\n<td>ez\u00fcst min\u0151s\u00edt\u00e9s<\/td>\n<td><\/td>\n<\/tr>\n<tr>\n<td>Orsz\u00e1gos angol nyelvi verseny<\/td>\n<td>S\u00e1rv\u00e1ri Nelli 8. c<\/td>\n<td>megyei 15.<\/td>\n<td>Katona Be\u00e1ta<\/td>\n<\/tr>\n<tr>\n<td><\/td>\n<td>Pukhely Kata 8. c<\/td>\n<td>megyei 15.<\/td>\n<td><\/td>\n<\/tr>\n<tr>\n<td colspan=\"4\">\u00c9nek- zene<\/td>\n<\/tr>\n<tr>\n<td>K\u00f6rzeti n\u00e9pdal\u00e9nekl\u0151 verseny (egy\u00e9ni)<\/td>\n<td>Nagy N\u00f3ra 6. a<\/td>\n<td>arany min\u0151s\u00edt\u00e9s<\/td>\n<td>Offnern\u00e9 Hadrik T\u00edmea<\/td>\n<\/tr>\n<tr>\n<td><\/td>\n<td>Hargitai Levente 5. a<\/td>\n<td>bronz min\u0151s\u00edt\u00e9s<\/td>\n<td><\/td>\n<\/tr>\n<tr>\n<td>K\u00f6rzeti n\u00e9pdal\u00e9nekl\u0151 verseny (csapat)<\/td>\n<td>So\u00f3s Kata 7. a<\/td>\n<td>bronz min\u0151s\u00edt\u00e9s<\/td>\n<td><\/td>\n<\/tr>\n<tr>\n<td><\/td>\n<td>Csik\u00f3s Brigitta 7. a<\/td>\n<td><\/td>\n<td><\/td>\n<\/tr>\n<tr>\n<td><\/td>\n<td>P\u00e1li Cintia 6. b<\/td>\n<td>bronz min\u0151s\u00edt\u00e9s<\/td>\n<td><\/td>\n<\/tr>\n<tr>\n<td><\/td>\n<td>S\u00f6menek Ivett 6. b<\/td>\n<td><\/td>\n<td><\/td>\n<\/tr>\n<tr>\n<td><\/td>\n<td>K\u00f6ncz N\u00f3ra 6. b<\/td>\n<td><\/td>\n<td><\/td>\n<\/tr>\n<tr>\n<td colspan=\"4\">Testnevel\u00e9s<\/td>\n<\/tr>\n<tr>\n<td>Di\u00e1kolimpia \u00fasz\u00e1s- n\u0151i vegyes v\u00e1lt\u00f3<\/td>\n<td>S\u00f6menek Ivett 6. b<\/td>\n<td>megyei 1.<\/td>\n<td>Cs\u00e1sz\u00e1r- Bartakovics Csaba<\/td>\n<\/tr>\n<tr>\n<td><\/td>\n<td><\/td>\n<td>orsz\u00e1gos 12.<\/td>\n<td><\/td>\n<\/tr>\n<tr>\n<td>Di\u00e1kolimpia- mezei fut\u00f3verseny<\/td>\n<td>Mih\u00e1lyfi D\u00f3ra 5. b<\/td>\n<td>megyei 4.<\/td>\n<td>Hegyi J\u00f3zsef<\/td>\n<\/tr>\n<tr>\n<td>Di\u00e1kolimpia- t\u00f6bbpr\u00f3ba- egy\u00e9ni \u00f6sszett verseny<\/td>\n<td>Horv\u00e1th D\u00e1vid 6. c<\/td>\n<td>megyei 1.<\/td>\n<td>Pappn\u00e9 Rest\u00e1s Csilla<\/td>\n<\/tr>\n<tr>\n<td><\/td>\n<td><\/td>\n<td>orsz\u00e1gos 12.<\/td>\n<td><\/td>\n<\/tr>\n<tr>\n<td><\/td>\n<td>Muzsi Boj\u00e1n 7. a<\/td>\n<td>megyei 10.<\/td>\n<td><\/td>\n<\/tr>\n<tr>\n<td>Di\u00e1kolimpia- h\u00e1rompr\u00f3ba<\/td>\n<td>N\u00e9meth Marcell 5. b<\/td>\n<td>megyei 7.<\/td>\n<td>Hegyi J\u00f3zsef<\/td>\n<\/tr>\n<tr>\n<td colspan=\"4\">V\u00f6r\u00f6skereszt<\/td>\n<\/tr>\n<tr>\n<td>Ter\u00fcleti csecsem\u0151\u00e1pol\u00e1si verseny (csapat)<\/td>\n<td>Csrenk\u00f3 Petra 6. c<\/td>\n<td>4. helyez\u00e9s<\/td>\n<td>Kissn\u00e9 Unger Anita<\/td>\n<\/tr>\n<tr>\n<td><\/td>\n<td>Nagy N\u00f3ra 6. a<\/td>\n<td><\/td>\n<td><\/td>\n<\/tr>\n<tr>\n<td><\/td>\n<td>K\u00f6ncz N\u00f3ra 6. b<\/td>\n<td><\/td>\n<td><\/td>\n<\/tr>\n<tr>\n<td><\/td>\n<td>S\u00e1rk\u00f6zi Szandra 7. b<\/td>\n<td><\/td>\n<td><\/td>\n<\/tr>\n<tr>\n<td>\u00a0Els\u0151seg\u00e9lyny\u00fajt\u00f3 verseny (ter\u00fcleti-csapat)<\/td>\n<td>Pusk\u00e1s M\u00e1t\u00e9 6. b<\/td>\n<td>1. helyez\u00e9s<\/td>\n<td><\/td>\n<\/tr>\n<tr>\n<td><\/td>\n<td>(gimn\u00e1zium csapat\u00e1val)<\/td>\n<td><\/td>\n<td><\/td>\n<\/tr>\n<tr>\n<td><\/td>\n<td>Nagy N\u00f3ra 6. a<\/td>\n<td>2. helyez\u00e9s<\/td>\n<td><\/td>\n<\/tr>\n<tr>\n<td><\/td>\n<td>K\u00f6ncz N\u00f3ra 6. b<\/td>\n<td><\/td>\n<td><\/td>\n<\/tr>\n<tr>\n<td><\/td>\n<td>Csrenk\u00f3 Petra 6. c<\/td>\n<td><\/td>\n<td><\/td>\n<\/tr>\n<tr>\n<td><\/td>\n<td>S\u00e1rk\u00f6zi Szandra 7. b<\/td>\n<td><\/td>\n<td><\/td>\n<\/tr>\n<tr>\n<td><\/td>\n<td>K\u00e1lm\u00e1n Vikt\u00f3ria 8. b<\/td>\n<td><\/td>\n<td><\/td>\n<\/tr>\n<tr>\n<td><\/td>\n<td>Kaincz Cintia 8. b<\/td>\n<td>3. helyez\u00e9s<\/td>\n<td><\/td>\n<\/tr>\n<tr>\n<td><\/td>\n<td>Tak\u00e1cs Cintia 8. b<\/td>\n<td><\/td>\n<td><\/td>\n<\/tr>\n<tr>\n<td><\/td>\n<td>Sztraka N\u00f3ra 8. c<\/td>\n<td><\/td>\n<td><\/td>\n<\/tr>\n<tr>\n<td><\/td>\n<td>Bedi D\u00f3ra 8. c<\/td>\n<td><\/td>\n<td><\/td>\n<\/tr>\n<tr>\n<td><\/td>\n<td>Bed\u0151cs Lilien<\/td>\n<td><\/td>\n<td><\/td>\n<\/tr>\n<tr>\n<td>Els\u0151seg\u00e9lyny\u00fajt\u00f3 verseny<\/td>\n<td>Pusk\u00e1s M\u00e1t\u00e9 6. b<\/td>\n<td>megyei 2.<\/td>\n<td><\/td>\n<\/tr>\n<tr>\n<td><\/td>\n<td>(gimn\u00e1zium csapat\u00e1val)<\/td>\n<td><\/td>\n<td><\/td>\n<\/tr>\n<tr>\n<td colspan=\"4\">Di\u00e1k\u00f6nkorm\u00e1nyzat<\/td>\n<\/tr>\n<tr>\n<td>Szentgotth\u00e1rdi Ifj\u00fas\u00e1gi Nap (vet\u00e9lked\u0151)<\/td>\n<td>Kollarits \u00c1d\u00e1m 5. a<\/td>\n<td>2. helyez\u00e9s<\/td>\n<td><\/td>\n<\/tr>\n<tr>\n<td><\/td>\n<td>Orb\u00e1n Marina 5. c<\/td>\n<td><\/td>\n<td><\/td>\n<\/tr>\n<tr>\n<td><\/td>\n<td>Z\u00e1vecz Gr\u00e9ta 5. c<\/td>\n<td><\/td>\n<td><\/td>\n<\/tr>\n<tr>\n<td><\/td>\n<td>S\u00e1rv\u00e1ri Al\u00edz 5. c<\/td>\n<td><\/td>\n<td><\/td>\n<\/tr>\n<tr>\n<td><\/td>\n<td>N\u00e9meth Fanni 5. c<\/td>\n<td><\/td>\n<td><\/td>\n<\/tr>\n<tr>\n<td><\/td>\n<td>Orb\u00e1n L\u00e9na 5. c<\/td>\n<td><\/td>\n<td><\/td>\n<\/tr>\n<tr>\n<td><\/td>\n<td>Kalam\u00e1r Ajsa 6. c<\/td>\n<td><\/td>\n<td><\/td>\n<\/tr>\n<tr>\n<td><\/td>\n<td>P\u00f3czak Vivien 6. c<\/td>\n<td><\/td>\n<td><\/td>\n<\/tr>\n<tr>\n<td><\/td>\n<td>Orsz\u00e1czky R\u00e9ka 6. c<\/td>\n<td><\/td>\n<td><\/td>\n<\/tr>\n<tr>\n<td>Kresz verseny<\/td>\n<td>H\u00e1kl\u00e1r \u00c1rmin 8. b<\/td>\n<td>megyei 4.<\/td>\n<td>Hurtik J\u00e1nos<\/td>\n<\/tr>\n<tr>\n<td>&#8222;F\u00fcrd\u0151kult\u00fara fejleszt\u00e9s\u00e9\u00e9rt Vas megy\u00e9ben&#8221; p\u00e1ly\u00e1zat<\/td>\n<td>5. b oszt\u00e1ly<\/td>\n<td>3. helyez\u00e9s<\/td>\n<td>Hegyi J\u00f3zsef<\/td>\n<\/tr>\n<tr>\n<td><\/td>\n<td><\/td>\n<td><\/td>\n<td><\/td>\n<\/tr>\n<tr>\n<td><\/td>\n<td><\/td>\n<td><\/td>\n<td><\/td>\n<\/tr>\n<tr>\n<td><\/td>\n<td><\/td>\n<td><\/td>\n<td><\/td>\n<\/tr>\n<tr>\n<td><\/td>\n<td><\/td>\n<td><\/td>\n<td><\/td>\n<\/tr>\n<tr>\n<td><\/td>\n<td><\/td>\n<td><\/td>\n<td><\/td>\n<\/tr>\n<tr>\n<td><\/td>\n<td><\/td>\n<td><\/td>\n<td><\/td>\n<\/tr>\n<tr>\n<td><\/td>\n<td><\/td>\n<td><\/td>\n<td><\/td>\n<\/tr>\n<tr>\n<td><\/td>\n<td><\/td>\n<td><\/td>\n<td><\/td>\n<\/tr>\n<tr>\n<td><\/td>\n<td><\/td>\n<td><\/td>\n<td><\/td>\n<\/tr>\n<tr>\n<td><\/td>\n<td><\/td>\n<td><\/td>\n<td><\/td>\n<\/tr>\n<tr>\n<td><\/td>\n<td><\/td>\n<td><\/td>\n<td><\/td>\n<\/tr>\n<tr>\n<td><\/td>\n<td><\/td>\n<td><\/td>\n<td><\/td>\n<\/tr>\n<tr>\n<td><\/td>\n<td><\/td>\n<td><\/td>\n<td><\/td>\n<\/tr>\n<tr>\n<td><\/td>\n<td><\/td>\n<td><\/td>\n<td><\/td>\n<\/tr>\n<tr>\n<td><\/td>\n<td><\/td>\n<td><\/td>\n<td><\/td>\n<\/tr>\n<tr>\n<td><\/td>\n<td><\/td>\n<td><\/td>\n<td><\/td>\n<\/tr>\n<tr>\n<td><\/td>\n<td><\/td>\n<td><\/td>\n<td><\/td>\n<\/tr>\n<tr>\n<td><\/td>\n<td><\/td>\n<td><\/td>\n<td><\/td>\n<\/tr>\n<tr>\n<td><\/td>\n<td><\/td>\n<td><\/td>\n<td><\/td>\n<\/tr>\n<\/tbody>\n<\/table>\n<p>&nbsp;<\/p>\n<p>&nbsp;<\/p>\n<p>&nbsp;<\/p>\n<p>&nbsp;<\/p>\n","protected":false},"excerpt":{"rendered":"<p>Szentgotth\u00e1rd \u00e9s T\u00e9rs\u00e9ge Iskola Sz\u00e9chenyi Istv\u00e1n 5- 8. \u00c9vfolyamos \u00c1ltal\u00e1nos Iskol\u00e1ja A 2016 \/ 2017- es tan\u00e9v tant\u00e1rgyi versenyeinek eredm\u00e9nyei Kateg\u00f3ria Tanul\u00f3 Eredm\u00e9ny Felk\u00e9sz\u00edt\u0151 Matematika Bolyai J\u00e1nos\u00a0 Matematika Csapatverseny Baranyai Ferenc 7. a megyei 7. Tonweber \u00c1gnes Nagy Viktor 7. a Tak\u00e1cs Dori\u00e1n 7. a Zr\u00ednyi Ilona Matematika Verseny Pusk\u00e1s M\u00e1t\u00e9 6. b a megyei [&hellip;]<\/p>\n","protected":false},"author":2,"featured_media":0,"parent":0,"menu_order":0,"comment_status":"closed","ping_status":"closed","template":"","meta":{"_exactmetrics_skip_tracking":false,"_exactmetrics_sitenote_active":false,"_exactmetrics_sitenote_note":"","_exactmetrics_sitenote_category":0,"footnotes":""},"class_list":["post-652","page","type-page","status-publish","hentry"],"yoast_head":"<!-- This site is optimized with the Yoast SEO plugin v26.7 - https:\/\/yoast.com\/wordpress\/plugins\/seo\/ -->\n<title>Eredm\u00e9nyek 2016-2017. - Szent Gotth\u00e1rd \u00c1ltal\u00e1nos Iskola<\/title>\n<meta name=\"robots\" content=\"index, follow, max-snippet:-1, max-image-preview:large, max-video-preview:-1\" \/>\n<link rel=\"canonical\" href=\"https:\/\/sztgotthard-altisk.hu\/?page_id=652\" \/>\n<meta property=\"og:locale\" content=\"hu_HU\" \/>\n<meta property=\"og:type\" content=\"article\" \/>\n<meta property=\"og:title\" content=\"Eredm\u00e9nyek 2016-2017. - Szent Gotth\u00e1rd \u00c1ltal\u00e1nos Iskola\" \/>\n<meta property=\"og:description\" content=\"Szentgotth\u00e1rd \u00e9s T\u00e9rs\u00e9ge Iskola Sz\u00e9chenyi Istv\u00e1n 5- 8. \u00c9vfolyamos \u00c1ltal\u00e1nos Iskol\u00e1ja A 2016 \/ 2017- es tan\u00e9v tant\u00e1rgyi versenyeinek eredm\u00e9nyei Kateg\u00f3ria Tanul\u00f3 Eredm\u00e9ny Felk\u00e9sz\u00edt\u0151 Matematika Bolyai J\u00e1nos\u00a0 Matematika Csapatverseny Baranyai Ferenc 7. a megyei 7. Tonweber \u00c1gnes Nagy Viktor 7. a Tak\u00e1cs Dori\u00e1n 7. a Zr\u00ednyi Ilona Matematika Verseny Pusk\u00e1s M\u00e1t\u00e9 6. b a megyei [&hellip;]\" \/>\n<meta property=\"og:url\" content=\"https:\/\/sztgotthard-altisk.hu\/?page_id=652\" \/>\n<meta property=\"og:site_name\" content=\"Szent Gotth\u00e1rd \u00c1ltal\u00e1nos Iskola\" \/>\n<meta property=\"article:modified_time\" content=\"2017-09-01T07:48:58+00:00\" \/>\n<meta name=\"twitter:card\" content=\"summary_large_image\" \/>\n<meta name=\"twitter:label1\" content=\"Becs\u00fclt olvas\u00e1si id\u0151\" \/>\n\t<meta name=\"twitter:data1\" content=\"4 perc\" \/>\n<script type=\"application\/ld+json\" class=\"yoast-schema-graph\">{\"@context\":\"https:\/\/schema.org\",\"@graph\":[{\"@type\":\"WebPage\",\"@id\":\"https:\/\/sztgotthard-altisk.hu\/?page_id=652\",\"url\":\"https:\/\/sztgotthard-altisk.hu\/?page_id=652\",\"name\":\"Eredm\u00e9nyek 2016-2017. - Szent Gotth\u00e1rd \u00c1ltal\u00e1nos Iskola\",\"isPartOf\":{\"@id\":\"https:\/\/sztgotthard-altisk.hu\/#website\"},\"datePublished\":\"2016-11-22T10:07:23+00:00\",\"dateModified\":\"2017-09-01T07:48:58+00:00\",\"breadcrumb\":{\"@id\":\"https:\/\/sztgotthard-altisk.hu\/?page_id=652#breadcrumb\"},\"inLanguage\":\"hu\",\"potentialAction\":[{\"@type\":\"ReadAction\",\"target\":[\"https:\/\/sztgotthard-altisk.hu\/?page_id=652\"]}]},{\"@type\":\"BreadcrumbList\",\"@id\":\"https:\/\/sztgotthard-altisk.hu\/?page_id=652#breadcrumb\",\"itemListElement\":[{\"@type\":\"ListItem\",\"position\":1,\"name\":\"Kezd\u0151lap\",\"item\":\"https:\/\/sztgotthard-altisk.hu\/\"},{\"@type\":\"ListItem\",\"position\":2,\"name\":\"Eredm\u00e9nyek 2016-2017.\"}]},{\"@type\":\"WebSite\",\"@id\":\"https:\/\/sztgotthard-altisk.hu\/#website\",\"url\":\"https:\/\/sztgotthard-altisk.hu\/\",\"name\":\"Szent Gotth\u00e1rd \u00c1ltal\u00e1nos Iskola\",\"description\":\"Szent Gotth\u00e1rd \u00c1ltal\u00e1nos Iskola\",\"publisher\":{\"@id\":\"https:\/\/sztgotthard-altisk.hu\/#organization\"},\"potentialAction\":[{\"@type\":\"SearchAction\",\"target\":{\"@type\":\"EntryPoint\",\"urlTemplate\":\"https:\/\/sztgotthard-altisk.hu\/?s={search_term_string}\"},\"query-input\":{\"@type\":\"PropertyValueSpecification\",\"valueRequired\":true,\"valueName\":\"search_term_string\"}}],\"inLanguage\":\"hu\"},{\"@type\":\"Organization\",\"@id\":\"https:\/\/sztgotthard-altisk.hu\/#organization\",\"name\":\"Szent Gell\u00e9rt \u00c1ltal\u00e1nos Iskola\",\"url\":\"https:\/\/sztgotthard-altisk.hu\/\",\"logo\":{\"@type\":\"ImageObject\",\"inLanguage\":\"hu\",\"@id\":\"https:\/\/sztgotthard-altisk.hu\/#\/schema\/logo\/image\/\",\"url\":\"https:\/\/i0.wp.com\/www.sztgotthard-altisk.hu\/wp-content\/uploads\/2022\/01\/sztg_altisk_logo.png?fit=161%2C129&ssl=1\",\"contentUrl\":\"https:\/\/i0.wp.com\/www.sztgotthard-altisk.hu\/wp-content\/uploads\/2022\/01\/sztg_altisk_logo.png?fit=161%2C129&ssl=1\",\"width\":161,\"height\":129,\"caption\":\"Szent Gell\u00e9rt \u00c1ltal\u00e1nos Iskola\"},\"image\":{\"@id\":\"https:\/\/sztgotthard-altisk.hu\/#\/schema\/logo\/image\/\"}}]}<\/script>\n<!-- \/ Yoast SEO plugin. -->","yoast_head_json":{"title":"Eredm\u00e9nyek 2016-2017. - Szent Gotth\u00e1rd \u00c1ltal\u00e1nos Iskola","robots":{"index":"index","follow":"follow","max-snippet":"max-snippet:-1","max-image-preview":"max-image-preview:large","max-video-preview":"max-video-preview:-1"},"canonical":"https:\/\/sztgotthard-altisk.hu\/?page_id=652","og_locale":"hu_HU","og_type":"article","og_title":"Eredm\u00e9nyek 2016-2017. - Szent Gotth\u00e1rd \u00c1ltal\u00e1nos Iskola","og_description":"Szentgotth\u00e1rd \u00e9s T\u00e9rs\u00e9ge Iskola Sz\u00e9chenyi Istv\u00e1n 5- 8. \u00c9vfolyamos \u00c1ltal\u00e1nos Iskol\u00e1ja A 2016 \/ 2017- es tan\u00e9v tant\u00e1rgyi versenyeinek eredm\u00e9nyei Kateg\u00f3ria Tanul\u00f3 Eredm\u00e9ny Felk\u00e9sz\u00edt\u0151 Matematika Bolyai J\u00e1nos\u00a0 Matematika Csapatverseny Baranyai Ferenc 7. a megyei 7. Tonweber \u00c1gnes Nagy Viktor 7. a Tak\u00e1cs Dori\u00e1n 7. a Zr\u00ednyi Ilona Matematika Verseny Pusk\u00e1s M\u00e1t\u00e9 6. b a megyei [&hellip;]","og_url":"https:\/\/sztgotthard-altisk.hu\/?page_id=652","og_site_name":"Szent Gotth\u00e1rd \u00c1ltal\u00e1nos Iskola","article_modified_time":"2017-09-01T07:48:58+00:00","twitter_card":"summary_large_image","twitter_misc":{"Becs\u00fclt olvas\u00e1si id\u0151":"4 perc"},"schema":{"@context":"https:\/\/schema.org","@graph":[{"@type":"WebPage","@id":"https:\/\/sztgotthard-altisk.hu\/?page_id=652","url":"https:\/\/sztgotthard-altisk.hu\/?page_id=652","name":"Eredm\u00e9nyek 2016-2017. - Szent Gotth\u00e1rd \u00c1ltal\u00e1nos Iskola","isPartOf":{"@id":"https:\/\/sztgotthard-altisk.hu\/#website"},"datePublished":"2016-11-22T10:07:23+00:00","dateModified":"2017-09-01T07:48:58+00:00","breadcrumb":{"@id":"https:\/\/sztgotthard-altisk.hu\/?page_id=652#breadcrumb"},"inLanguage":"hu","potentialAction":[{"@type":"ReadAction","target":["https:\/\/sztgotthard-altisk.hu\/?page_id=652"]}]},{"@type":"BreadcrumbList","@id":"https:\/\/sztgotthard-altisk.hu\/?page_id=652#breadcrumb","itemListElement":[{"@type":"ListItem","position":1,"name":"Kezd\u0151lap","item":"https:\/\/sztgotthard-altisk.hu\/"},{"@type":"ListItem","position":2,"name":"Eredm\u00e9nyek 2016-2017."}]},{"@type":"WebSite","@id":"https:\/\/sztgotthard-altisk.hu\/#website","url":"https:\/\/sztgotthard-altisk.hu\/","name":"Szent Gotth\u00e1rd \u00c1ltal\u00e1nos Iskola","description":"Szent Gotth\u00e1rd \u00c1ltal\u00e1nos Iskola","publisher":{"@id":"https:\/\/sztgotthard-altisk.hu\/#organization"},"potentialAction":[{"@type":"SearchAction","target":{"@type":"EntryPoint","urlTemplate":"https:\/\/sztgotthard-altisk.hu\/?s={search_term_string}"},"query-input":{"@type":"PropertyValueSpecification","valueRequired":true,"valueName":"search_term_string"}}],"inLanguage":"hu"},{"@type":"Organization","@id":"https:\/\/sztgotthard-altisk.hu\/#organization","name":"Szent Gell\u00e9rt \u00c1ltal\u00e1nos Iskola","url":"https:\/\/sztgotthard-altisk.hu\/","logo":{"@type":"ImageObject","inLanguage":"hu","@id":"https:\/\/sztgotthard-altisk.hu\/#\/schema\/logo\/image\/","url":"https:\/\/i0.wp.com\/www.sztgotthard-altisk.hu\/wp-content\/uploads\/2022\/01\/sztg_altisk_logo.png?fit=161%2C129&ssl=1","contentUrl":"https:\/\/i0.wp.com\/www.sztgotthard-altisk.hu\/wp-content\/uploads\/2022\/01\/sztg_altisk_logo.png?fit=161%2C129&ssl=1","width":161,"height":129,"caption":"Szent Gell\u00e9rt \u00c1ltal\u00e1nos Iskola"},"image":{"@id":"https:\/\/sztgotthard-altisk.hu\/#\/schema\/logo\/image\/"}}]}},"jetpack_shortlink":"https:\/\/wp.me\/P9tyQr-aw","jetpack_sharing_enabled":true,"_links":{"self":[{"href":"https:\/\/sztgotthard-altisk.hu\/index.php?rest_route=\/wp\/v2\/pages\/652","targetHints":{"allow":["GET"]}}],"collection":[{"href":"https:\/\/sztgotthard-altisk.hu\/index.php?rest_route=\/wp\/v2\/pages"}],"about":[{"href":"https:\/\/sztgotthard-altisk.hu\/index.php?rest_route=\/wp\/v2\/types\/page"}],"author":[{"embeddable":true,"href":"https:\/\/sztgotthard-altisk.hu\/index.php?rest_route=\/wp\/v2\/users\/2"}],"replies":[{"embeddable":true,"href":"https:\/\/sztgotthard-altisk.hu\/index.php?rest_route=%2Fwp%2Fv2%2Fcomments&post=652"}],"version-history":[{"count":15,"href":"https:\/\/sztgotthard-altisk.hu\/index.php?rest_route=\/wp\/v2\/pages\/652\/revisions"}],"predecessor-version":[{"id":1274,"href":"https:\/\/sztgotthard-altisk.hu\/index.php?rest_route=\/wp\/v2\/pages\/652\/revisions\/1274"}],"wp:attachment":[{"href":"https:\/\/sztgotthard-altisk.hu\/index.php?rest_route=%2Fwp%2Fv2%2Fmedia&parent=652"}],"curies":[{"name":"wp","href":"https:\/\/api.w.org\/{rel}","templated":true}]}}