{"id":1746,"date":"2017-11-29T11:06:58","date_gmt":"2017-11-29T10:06:58","guid":{"rendered":"http:\/\/www.sztgotthard-altisk.hu\/?page_id=1746"},"modified":"2018-03-28T11:06:29","modified_gmt":"2018-03-28T10:06:29","slug":"eredmenyek-20172018","status":"publish","type":"page","link":"https:\/\/sztgotthard-altisk.hu\/?page_id=1746","title":{"rendered":"Eredm\u00e9nyek 2017\/2018"},"content":{"rendered":"<p><span style=\"color: #ff0000;\"><strong>A 2017\/2018-as tan\u00e9v k\u00f6rzeti\/megyei\/orsz\u00e1gos versenyeredm\u00e9nyei:<\/strong><\/span><\/p>\n<table width=\"0\">\n<tbody>\n<tr style=\"height: 39px;\">\n<td style=\"height: 39px;\" width=\"263\"><strong>Verseny megnevez\u00e9se:<\/strong><\/td>\n<td style=\"height: 39px;\" width=\"144\"><strong>N\u00e9v\/oszt\u00e1ly<\/strong><\/td>\n<td style=\"height: 39px;\" width=\"105\"><strong>Helyez\u00e9s<\/strong><\/td>\n<td style=\"height: 39px;\" width=\"103\"><strong>Kateg\u00f3ria<\/strong><\/td>\n<td style=\"height: 39px;\" width=\"160\"><strong>Felk\u00e9sz\u00edt\u0151 tan\u00e1r<\/strong><\/td>\n<td style=\"height: 39px;\" width=\"217\"><strong>Helysz\u00edn\/Id\u0151pont<\/strong><\/td>\n<\/tr>\n<tr style=\"height: 253px;\">\n<td style=\"height: 534px;\" rowspan=\"2\" width=\"263\">Megyei Bolyai <strong>matematika<\/strong> verseny<\/td>\n<td style=\"height: 253px;\" width=\"144\">8.a<\/p>\n<p>Baranyai Ferenc<\/p>\n<p>Nagy Viktor<\/p>\n<p>Tak\u00e1cs Dori\u00e1n<\/p>\n<p>Mih\u00e1lyfi D\u00e1vid<\/td>\n<td style=\"height: 253px;\" width=\"105\">\u00a09.<\/td>\n<td style=\"height: 253px;\" width=\"103\">csapat<\/td>\n<td style=\"height: 253px;\" width=\"160\">Tonweber \u00c1gnes<\/td>\n<td style=\"height: 787px;\" rowspan=\"3\" width=\"217\">Szentgotth\u00e1rd, 2017. okt\u00f3ber 13.<\/td>\n<\/tr>\n<tr style=\"height: 281px;\">\n<td style=\"height: 281px;\" width=\"144\">6.b<\/p>\n<p>Mesics-Leiner F\u00e9lix<\/p>\n<p>N\u00e9meth Marcell<\/p>\n<p>Pavlics B\u00e1lint<\/p>\n<p>T\u00f3th Andr\u00e1s<\/td>\n<td style=\"height: 281px;\" width=\"105\">20.<\/td>\n<td style=\"height: 281px;\" width=\"103\">csapat<\/td>\n<td style=\"height: 281px;\" width=\"160\">Szemes Gy\u00f6ngyi<\/td>\n<\/tr>\n<tr style=\"height: 253px;\">\n<td style=\"height: 253px;\" width=\"263\"><\/td>\n<td style=\"height: 253px;\" width=\"144\">6.c<\/p>\n<p>Orb\u00e1n L\u00e9na<\/p>\n<p>Orb\u00e1n Marina<\/p>\n<p>Sz\u00e9kely Anna<\/p>\n<p>Z\u00e1vecz Gr\u00e9ta<\/td>\n<td style=\"height: 253px;\" width=\"105\">22.<\/td>\n<td style=\"height: 253px;\" width=\"103\">csapat<\/td>\n<td style=\"height: 253px;\" width=\"160\">Szemes Gy\u00f6ngyi, Kocsisn\u00e9 Tak\u00e1cs \u00c9va<\/td>\n<\/tr>\n<tr style=\"height: 61px;\">\n<td style=\"height: 185px;\" rowspan=\"3\" width=\"263\">Megyei <strong>angol<\/strong> nyelvi szaval\u00f3verseny<\/td>\n<td style=\"height: 61px;\" width=\"144\">N\u00e1ricza Nina Alexandra, 5.c<\/td>\n<td style=\"height: 61px;\" width=\"105\"><\/td>\n<td style=\"height: 61px;\" width=\"103\">ez\u00fcst min\u0151s\u00edt\u00e9s<\/td>\n<td style=\"height: 61px;\" width=\"160\">Husz\u00e1rn\u00e9 Peresztegi Be\u00e1ta<\/td>\n<td style=\"height: 185px;\" rowspan=\"3\" width=\"217\">Szombathely, 2017. november 16.<\/td>\n<\/tr>\n<tr style=\"height: 61px;\">\n<td style=\"height: 61px;\" width=\"144\"><strong><em>Ila Csenge, 4.o<\/em><\/strong><\/td>\n<td style=\"height: 61px;\" width=\"105\"><\/td>\n<td style=\"height: 61px;\" width=\"103\">ez\u00fcst min\u0151s\u00edt\u00e9s<\/td>\n<td style=\"height: 61px;\" width=\"160\">Huisz\u00e1rn\u00e9 Peresztegi Be\u00e1ta<\/td>\n<\/tr>\n<tr style=\"height: 63px;\">\n<td style=\"height: 63px;\" width=\"144\"><strong><em>Petneh\u00e1zi Hanna, 3.d<\/em><\/strong><\/td>\n<td style=\"height: 63px;\" width=\"105\"><\/td>\n<td style=\"height: 63px;\" width=\"103\">ez\u00fcst min\u0151s\u00edt\u00e9s<\/td>\n<td style=\"height: 63px;\" width=\"160\">Katona Be\u00e1ta<\/td>\n<\/tr>\n<tr style=\"height: 83px;\">\n<td style=\"height: 325px;\" rowspan=\"3\" width=\"263\">&nbsp;<\/p>\n<p>Simonyi Zsigmond <strong>helyes\u00edr\u00e1si verseny ter\u00fcleti fordul\u00f3<\/strong><\/td>\n<td style=\"height: 83px;\" width=\"144\">Nagy Zsanett, 5.b<\/td>\n<td style=\"height: 83px;\" width=\"105\">Tov\u00e1bbjut\u00e1s a megyei fordul\u00f3ra<\/td>\n<td style=\"height: 83px;\" width=\"103\">5-6. oszt\u00e1lyos korcsoport<\/td>\n<td style=\"height: 83px;\" width=\"160\">Tak\u00e1cs Tiborn\u00e9<\/td>\n<td style=\"height: 325px;\" rowspan=\"3\" width=\"217\">Szentgotth\u00e1rd, 2017. november 22.<\/p>\n<p>&nbsp;<\/p>\n<p>&nbsp;<\/td>\n<\/tr>\n<tr style=\"height: 83px;\">\n<td style=\"height: 83px;\" width=\"144\">Offner No\u00e9mi, 5.c<\/td>\n<td style=\"height: 83px;\" width=\"105\">Tov\u00e1bbjut\u00e1s a megyei fordul\u00f3ra<\/td>\n<td style=\"height: 83px;\" width=\"103\">5-6. oszt\u00e1lyos korcsoport<\/td>\n<td style=\"height: 83px;\" width=\"160\">Offnern\u00e9 Hadrik T\u00edmea<\/td>\n<\/tr>\n<tr style=\"height: 159px;\">\n<td style=\"height: 159px;\" width=\"144\">7.b<\/p>\n<p>Monek Hanna<\/p>\n<p>P\u00e9nzes Panna<\/td>\n<td style=\"height: 159px;\" width=\"105\">Tov\u00e1bbjut\u00e1s a megyei fordul\u00f3ra<\/td>\n<td style=\"height: 159px;\" width=\"103\">7-8. oszt\u00e1lyos korcsoport<\/td>\n<td style=\"height: 159px;\" width=\"160\">L\u00e1szl\u00f3n\u00e9 Kir\u00e1ly T\u00fcnde<\/td>\n<\/tr>\n<tr style=\"height: 630px;\">\n<td style=\"height: 630px;\" width=\"263\">Di\u00e1kolimpia <strong>futsal<\/strong><\/td>\n<td style=\"height: 630px;\" width=\"144\">7. b<\/p>\n<p>Horv\u00e1th Roland<\/p>\n<p>Polly L\u00e9n\u00e1rd<\/p>\n<p>&nbsp;<\/p>\n<p>8.a<\/p>\n<p>Szil\u00e1gyi B\u00e1lint<\/p>\n<p>Lacz\u00f3 Benj\u00e1min<\/p>\n<p>Muzsi Boj\u00e1n<\/p>\n<p>&nbsp;<\/p>\n<p>8.c<\/p>\n<p>Loveny\u00e1k Martin<\/p>\n<p>Ivanics \u00c1kos<\/p>\n<p>R\u00f3zsa Dominik<\/td>\n<td style=\"height: 630px;\" width=\"105\"><\/td>\n<td style=\"height: 630px;\" width=\"103\">7-8. oszt\u00e1lyos korcsoport<\/td>\n<td style=\"height: 630px;\" width=\"160\"><\/td>\n<td style=\"height: 630px;\" width=\"217\">\u00a0Szentgotth\u00e1rd, 2017. november 23.<\/td>\n<\/tr>\n<tr style=\"height: 69px;\">\n<td style=\"height: 139px;\" rowspan=\"2\" width=\"263\">Megyei <strong>n\u00e9met nemzetis\u00e9gi szaval\u00f3verseny<\/strong><\/td>\n<td style=\"height: 69px;\" width=\"144\">Mesics-Leiner F\u00e9lix, 6.b<\/td>\n<td style=\"height: 69px;\" width=\"105\">egy\u00e9ni<\/td>\n<td style=\"height: 69px;\" width=\"103\">\u00a0I.<\/td>\n<td style=\"height: 139px;\" rowspan=\"2\" width=\"160\">Csuk Hajnalka<\/td>\n<td style=\"height: 139px;\" rowspan=\"2\" width=\"217\">Szombathely, 2017. november 23.<\/p>\n<p>&nbsp;<\/td>\n<\/tr>\n<tr style=\"height: 70px;\">\n<td style=\"height: 70px;\" width=\"144\">Pavlics B\u00e1lint, 6.b<\/td>\n<td style=\"height: 70px;\" width=\"105\">egy\u00e9ni<\/td>\n<td style=\"height: 70px;\" width=\"103\">k\u00fcl\u00f6nd\u00edj<\/td>\n<\/tr>\n<tr style=\"height: 206px;\">\n<td style=\"height: 206px;\" width=\"263\"><strong>K\u00e9pz\u0151m\u0171v\u00e9szeti<\/strong> vet\u00e9lked\u0151<\/td>\n<td style=\"height: 206px;\" width=\"144\">8.c<\/p>\n<p>T\u00f3th Bogl\u00e1rka<\/p>\n<p>K\u00e1rolyi Anna<\/p>\n<p>Lacz\u00f3 L\u00e9vi<\/td>\n<td style=\"height: 206px;\" width=\"105\">csapat<\/td>\n<td style=\"height: 206px;\" width=\"103\">4.<\/td>\n<td style=\"height: 206px;\" width=\"160\">Csall\u00f3 Adrienn<\/td>\n<td style=\"height: 206px;\" width=\"217\">Szentgotth\u00e1rd, 2017. november 24.<\/td>\n<\/tr>\n<tr style=\"height: 61px;\">\n<td style=\"height: 61px;\" width=\"263\">Sz\u00e9chenyi<strong> futball\u00a0<\/strong>Kupa<\/td>\n<td style=\"height: 61px;\" width=\"144\">R\u00f3zsa Dominik, 8.c<\/td>\n<td style=\"height: 61px;\" width=\"105\">legjobb g\u00f3ll\u00f6v\u0151<\/td>\n<td style=\"height: 61px;\" width=\"103\">k\u00fcl\u00f6nd\u00edj<\/td>\n<td style=\"height: 61px;\" width=\"160\"><\/td>\n<td style=\"height: 61px;\" width=\"217\">Szentgotth\u00e1rd, 2017. december 1.<\/td>\n<\/tr>\n<tr style=\"height: 61px;\">\n<td style=\"height: 61px;\" width=\"263\">Megyei<strong> Sz\u00e9p Magyar Besz\u00e9d<\/strong><\/td>\n<td style=\"height: 61px;\" width=\"144\">N\u00e1ricza Nina, 5.c<\/td>\n<td style=\"height: 61px;\" width=\"105\">1.<\/td>\n<td style=\"height: 61px;\" width=\"103\">5-6. oszt\u00e1lyos korcsoport<\/td>\n<td style=\"height: 61px;\" width=\"160\">Nagy-Mesics Zsuzsanna<\/td>\n<td style=\"height: 61px;\" width=\"217\">Szentgotth\u00e1rd, 2018. janu\u00e1r 17.<\/td>\n<\/tr>\n<tr style=\"height: 61px;\">\n<td style=\"height: 61px;\" width=\"263\"><strong>\u00dasz\u00f3<\/strong> Di\u00e1kolimpia <strong>megyei<\/strong> fordul\u00f3<\/td>\n<td style=\"height: 61px;\" width=\"144\">S\u00f6menek Ivett, 7.b<\/td>\n<td style=\"height: 61px;\" width=\"105\">4.<\/td>\n<td style=\"height: 61px;\" width=\"103\">egy\u00e9ni<\/td>\n<td style=\"height: 61px;\" width=\"160\">Cs\u00e1sz\u00e1r-Bartakovics Csaba<\/td>\n<td style=\"height: 61px;\" width=\"217\">Szombathely<\/td>\n<\/tr>\n<tr style=\"height: 61px;\">\n<td style=\"height: 61px;\" width=\"263\">Orsz\u00e1gos\u00a0<strong>n\u00e9met<\/strong>\u00a0 nyelvi verseny<\/td>\n<td style=\"height: 61px;\" width=\"144\">Lacz\u00f3 L\u00e9vi, 8.c<\/td>\n<td style=\"height: 61px;\" width=\"105\">2.<\/td>\n<td style=\"height: 61px;\" width=\"103\">7-8. oszt\u00e1lyos korcsoport<\/td>\n<td style=\"height: 61px;\" width=\"160\">Kr\u00e1nyecz Ter\u00e9z<\/td>\n<td style=\"height: 61px;\" width=\"217\"><\/td>\n<\/tr>\n<tr style=\"height: 61px;\">\n<td style=\"height: 61px;\" width=\"263\"><strong>Sakk<\/strong> Di\u00e1kolimpia<\/td>\n<td style=\"height: 61px;\" width=\"144\">Ga\u00e1l M\u00e1ty\u00e1s, 6.a<\/td>\n<td style=\"height: 61px;\" width=\"105\">1.<\/td>\n<td style=\"height: 61px;\" width=\"103\">csapatverseny<\/td>\n<td style=\"height: 61px;\" width=\"160\">Kir\u00e1ly Ferenc<\/td>\n<td style=\"height: 61px;\" width=\"217\"><\/td>\n<\/tr>\n<tr style=\"height: 63.1875px;\">\n<td style=\"height: 219.188px;\" rowspan=\"5\" width=\"263\">Zrinyi Ilona<strong> matematika <\/strong>verseny<\/td>\n<td style=\"height: 63.1875px;\" width=\"144\">Heged\u0171s Kata, 5.c<\/td>\n<td style=\"height: 63.1875px;\" width=\"105\">156.<\/td>\n<td style=\"height: 63.1875px;\" width=\"103\">5. \u00e9vfolyam<\/td>\n<td style=\"height: 63.1875px;\" width=\"160\">Kozma G\u00e1bor<\/td>\n<td style=\"height: 63.1875px;\" rowspan=\"5\" width=\"217\">Szentgotth\u00e1rd<\/td>\n<\/tr>\n<tr style=\"height: 39px;\">\n<td style=\"height: 39px;\" width=\"144\">Pavlics B\u00e1lint, 6.b<\/td>\n<td style=\"height: 39px;\" width=\"105\">58.<\/td>\n<td style=\"height: 195px;\" rowspan=\"3\" width=\"103\">6. \u00e9vfolyam<\/td>\n<td style=\"height: 195px;\" rowspan=\"3\" width=\"160\">Szemes Gy\u00f6ngyi<\/td>\n<\/tr>\n<tr style=\"height: 39px;\">\n<td style=\"height: 39px;\" width=\"144\">T\u00f3th Andr\u00e1s, 6.b<\/td>\n<td style=\"height: 39px;\" width=\"105\">109.<\/td>\n<\/tr>\n<tr style=\"height: 39px;\">\n<td style=\"height: 39px;\" width=\"144\">N\u00e9meth Korn\u00e9l, 6.b<\/td>\n<td style=\"height: 39px;\" width=\"105\">128.<\/td>\n<\/tr>\n<tr style=\"height: 61px;\">\n<td style=\"height: 61px;\" width=\"144\">Pusk\u00e1s M\u00e1t\u00e9, 7.b<\/td>\n<td style=\"height: 61px;\" width=\"105\">92.<\/td>\n<td style=\"height: 61px;\" width=\"103\">7. \u00e9vfolyam<\/td>\n<td style=\"height: 61px;\" width=\"160\">Kocsisn\u00e9 Tak\u00e1cs \u00c9va<\/td>\n<\/tr>\n<tr style=\"height: 39px;\">\n<td style=\"height: 39px;\" width=\"263\">Megyei Simonyi Zsigmond<strong> helyes\u00edr\u00e1si <\/strong>verseny<\/td>\n<td style=\"height: 39px;\" width=\"144\">\u00a0P\u00e9nzes Panna, 7.b<\/td>\n<td style=\"height: 39px;\" width=\"105\">1.<\/td>\n<td style=\"height: 39px;\" width=\"103\">\u00a07-8. oszt\u00e1lyos korcsoport<\/td>\n<td style=\"height: 39px;\" width=\"160\">\u00a0L\u00e1szl\u00f3n\u00e9 Kir\u00e1ly T\u00fcnde<\/td>\n<td style=\"height: 39px;\" width=\"217\">\u00a0Szombathely, 2018. m\u00e1rcius 3.<\/td>\n<\/tr>\n<tr style=\"height: 39px;\">\n<td style=\"height: 39px;\" width=\"263\"><strong>\u00a0\u00dasz\u00f3<\/strong>\u00a0 Di\u00e1kolimpia <strong>orsz\u00e1gos<\/strong> d\u00f6nt\u0151<\/td>\n<td style=\"height: 39px;\" width=\"144\">Le\u00e1ny 4&#215;50 v\u00e1lt\u00f3<\/td>\n<td style=\"height: 39px;\" width=\"105\">\u00a013.<\/td>\n<td style=\"height: 39px;\" width=\"103\">III. korcsoport<\/td>\n<td style=\"height: 39px;\" width=\"160\">Cs\u00e1sz\u00e1r-Bartakovics Csaba<\/td>\n<td style=\"height: 39px;\" width=\"217\"><\/td>\n<\/tr>\n<tr style=\"height: 39px;\">\n<td style=\"height: 39px;\" rowspan=\"3\" width=\"263\"><strong>Megyei<\/strong> Di\u00e1kolimpia Mezei <strong>Fut\u00f3verseny<\/strong><\/td>\n<td style=\"height: 39px;\" width=\"144\">Bauer D\u00e1niel, 6.b<\/td>\n<td style=\"height: 39px;\" width=\"105\">\u00a012.<\/td>\n<td style=\"height: 39px;\" width=\"103\"><\/td>\n<td style=\"height: 39px;\" rowspan=\"3\" width=\"160\">Hegyi J\u00f3zsef<\/td>\n<td style=\"height: 39px;\" rowspan=\"3\" width=\"217\">Szombathely, 2018. m\u00e1rcius 24.<\/td>\n<\/tr>\n<tr style=\"height: 39px;\">\n<td style=\"height: 39px;\" width=\"144\">Mesics-Leiner F\u00e9lix, 6.b<\/td>\n<td style=\"height: 39px;\" width=\"105\">\u00a046.<\/td>\n<td style=\"height: 39px;\" width=\"103\"><\/td>\n<\/tr>\n<tr style=\"height: 39px;\">\n<td style=\"height: 39px;\" width=\"144\">Mih\u00e1lyfi D\u00f3ra, 6.b<\/td>\n<td style=\"height: 39px;\" width=\"105\">25.<\/td>\n<td style=\"height: 39px;\" width=\"103\"><\/td>\n<\/tr>\n<tr style=\"height: 39px;\">\n<td style=\"height: 39px;\" width=\"263\"><strong>Megyei<\/strong> Di\u00e1kolimpia <strong>magasugr\u00f3<\/strong> verseny<\/td>\n<td style=\"height: 39px;\" width=\"144\">Mih\u00e1lyfi D\u00f3ra, 6.b<\/td>\n<td style=\"height: 39px;\" width=\"105\">5.<\/td>\n<td style=\"height: 39px;\" width=\"103\"><\/td>\n<td style=\"height: 39px;\" width=\"160\">Hegyi J\u00f3zsef<\/td>\n<td style=\"height: 39px;\" width=\"217\">K\u0151szeg, 2018. m\u00e1rcius 26.<\/td>\n<\/tr>\n<tr style=\"height: 39px;\">\n<td style=\"height: 39px;\" width=\"263\"><strong>Megyei<\/strong> Di\u00e1kolimpia <strong>k\u00e9zilabda<\/strong><\/td>\n<td style=\"height: 39px;\" width=\"144\">N\u00e9meth Korn\u00e9l, 6.b<\/p>\n<p>N\u00e9meth Marcell, 6.b<\/p>\n<p>Czib\u00f3k D\u00e1niel 6.c<\/p>\n<p>N\u00e9meth Tam\u00e1s, 6.c<\/p>\n<p>Kov\u00e1cs \u00c1kos, 7.b<\/p>\n<p>R\u00f3nai Krist\u00f3f, 7.c<\/p>\n<p>Szab\u00f3 \u00c1ron, 7.c<\/p>\n<p>Kov\u00e1cs M\u00e1t\u00e9, 7.c<\/p>\n<p>&nbsp;<\/td>\n<td style=\"height: 39px;\" width=\"105\">1.<\/td>\n<td style=\"height: 39px;\" width=\"103\"><\/td>\n<td style=\"height: 39px;\" width=\"160\">Kozma G\u00e1bor<\/td>\n<td style=\"height: 39px;\" width=\"217\"><\/td>\n<\/tr>\n<tr style=\"height: 39px;\">\n<td style=\"height: 39px;\" width=\"263\"><\/td>\n<td style=\"height: 39px;\" width=\"144\"><\/td>\n<td style=\"height: 39px;\" width=\"105\"><\/td>\n<td style=\"height: 39px;\" width=\"103\"><\/td>\n<td style=\"height: 39px;\" width=\"160\"><\/td>\n<td style=\"height: 39px;\" width=\"217\"><\/td>\n<\/tr>\n<\/tbody>\n<\/table>\n<p>&nbsp;<\/p>\n<p>&nbsp;<\/p>\n<p>&nbsp;<\/p>\n<p>&nbsp;<\/p>\n","protected":false},"excerpt":{"rendered":"<p>A 2017\/2018-as tan\u00e9v k\u00f6rzeti\/megyei\/orsz\u00e1gos versenyeredm\u00e9nyei: Verseny megnevez\u00e9se: N\u00e9v\/oszt\u00e1ly Helyez\u00e9s Kateg\u00f3ria Felk\u00e9sz\u00edt\u0151 tan\u00e1r Helysz\u00edn\/Id\u0151pont Megyei Bolyai matematika verseny 8.a Baranyai Ferenc Nagy Viktor Tak\u00e1cs Dori\u00e1n Mih\u00e1lyfi D\u00e1vid \u00a09. csapat Tonweber \u00c1gnes Szentgotth\u00e1rd, 2017. okt\u00f3ber 13. 6.b Mesics-Leiner F\u00e9lix N\u00e9meth Marcell Pavlics B\u00e1lint T\u00f3th Andr\u00e1s 20. csapat Szemes Gy\u00f6ngyi 6.c Orb\u00e1n L\u00e9na Orb\u00e1n Marina Sz\u00e9kely Anna Z\u00e1vecz [&hellip;]<\/p>\n","protected":false},"author":4,"featured_media":0,"parent":0,"menu_order":0,"comment_status":"closed","ping_status":"closed","template":"","meta":{"_exactmetrics_skip_tracking":false,"_exactmetrics_sitenote_active":false,"_exactmetrics_sitenote_note":"","_exactmetrics_sitenote_category":0,"footnotes":""},"class_list":["post-1746","page","type-page","status-publish","hentry"],"yoast_head":"<!-- This site is optimized with the Yoast SEO plugin v26.7 - https:\/\/yoast.com\/wordpress\/plugins\/seo\/ -->\n<title>Eredm\u00e9nyek 2017\/2018 - Szent Gotth\u00e1rd \u00c1ltal\u00e1nos Iskola<\/title>\n<meta name=\"robots\" content=\"index, follow, max-snippet:-1, max-image-preview:large, max-video-preview:-1\" \/>\n<link rel=\"canonical\" href=\"https:\/\/sztgotthard-altisk.hu\/?page_id=1746\" \/>\n<meta property=\"og:locale\" content=\"hu_HU\" \/>\n<meta property=\"og:type\" content=\"article\" \/>\n<meta property=\"og:title\" content=\"Eredm\u00e9nyek 2017\/2018 - Szent Gotth\u00e1rd \u00c1ltal\u00e1nos Iskola\" \/>\n<meta property=\"og:description\" content=\"A 2017\/2018-as tan\u00e9v k\u00f6rzeti\/megyei\/orsz\u00e1gos versenyeredm\u00e9nyei: Verseny megnevez\u00e9se: N\u00e9v\/oszt\u00e1ly Helyez\u00e9s Kateg\u00f3ria Felk\u00e9sz\u00edt\u0151 tan\u00e1r Helysz\u00edn\/Id\u0151pont Megyei Bolyai matematika verseny 8.a Baranyai Ferenc Nagy Viktor Tak\u00e1cs Dori\u00e1n Mih\u00e1lyfi D\u00e1vid \u00a09. csapat Tonweber \u00c1gnes Szentgotth\u00e1rd, 2017. okt\u00f3ber 13. 6.b Mesics-Leiner F\u00e9lix N\u00e9meth Marcell Pavlics B\u00e1lint T\u00f3th Andr\u00e1s 20. csapat Szemes Gy\u00f6ngyi 6.c Orb\u00e1n L\u00e9na Orb\u00e1n Marina Sz\u00e9kely Anna Z\u00e1vecz [&hellip;]\" \/>\n<meta property=\"og:url\" content=\"https:\/\/sztgotthard-altisk.hu\/?page_id=1746\" \/>\n<meta property=\"og:site_name\" content=\"Szent Gotth\u00e1rd \u00c1ltal\u00e1nos Iskola\" \/>\n<meta property=\"article:modified_time\" content=\"2018-03-28T10:06:29+00:00\" \/>\n<meta name=\"twitter:card\" content=\"summary_large_image\" \/>\n<meta name=\"twitter:label1\" content=\"Becs\u00fclt olvas\u00e1si id\u0151\" \/>\n\t<meta name=\"twitter:data1\" content=\"3 perc\" \/>\n<script type=\"application\/ld+json\" class=\"yoast-schema-graph\">{\"@context\":\"https:\/\/schema.org\",\"@graph\":[{\"@type\":\"WebPage\",\"@id\":\"https:\/\/sztgotthard-altisk.hu\/?page_id=1746\",\"url\":\"https:\/\/sztgotthard-altisk.hu\/?page_id=1746\",\"name\":\"Eredm\u00e9nyek 2017\/2018 - Szent Gotth\u00e1rd \u00c1ltal\u00e1nos Iskola\",\"isPartOf\":{\"@id\":\"https:\/\/sztgotthard-altisk.hu\/#website\"},\"datePublished\":\"2017-11-29T10:06:58+00:00\",\"dateModified\":\"2018-03-28T10:06:29+00:00\",\"breadcrumb\":{\"@id\":\"https:\/\/sztgotthard-altisk.hu\/?page_id=1746#breadcrumb\"},\"inLanguage\":\"hu\",\"potentialAction\":[{\"@type\":\"ReadAction\",\"target\":[\"https:\/\/sztgotthard-altisk.hu\/?page_id=1746\"]}]},{\"@type\":\"BreadcrumbList\",\"@id\":\"https:\/\/sztgotthard-altisk.hu\/?page_id=1746#breadcrumb\",\"itemListElement\":[{\"@type\":\"ListItem\",\"position\":1,\"name\":\"Kezd\u0151lap\",\"item\":\"https:\/\/sztgotthard-altisk.hu\/\"},{\"@type\":\"ListItem\",\"position\":2,\"name\":\"Eredm\u00e9nyek 2017\/2018\"}]},{\"@type\":\"WebSite\",\"@id\":\"https:\/\/sztgotthard-altisk.hu\/#website\",\"url\":\"https:\/\/sztgotthard-altisk.hu\/\",\"name\":\"Szent Gotth\u00e1rd \u00c1ltal\u00e1nos Iskola\",\"description\":\"Szent Gotth\u00e1rd \u00c1ltal\u00e1nos Iskola\",\"publisher\":{\"@id\":\"https:\/\/sztgotthard-altisk.hu\/#organization\"},\"potentialAction\":[{\"@type\":\"SearchAction\",\"target\":{\"@type\":\"EntryPoint\",\"urlTemplate\":\"https:\/\/sztgotthard-altisk.hu\/?s={search_term_string}\"},\"query-input\":{\"@type\":\"PropertyValueSpecification\",\"valueRequired\":true,\"valueName\":\"search_term_string\"}}],\"inLanguage\":\"hu\"},{\"@type\":\"Organization\",\"@id\":\"https:\/\/sztgotthard-altisk.hu\/#organization\",\"name\":\"Szent Gell\u00e9rt \u00c1ltal\u00e1nos Iskola\",\"url\":\"https:\/\/sztgotthard-altisk.hu\/\",\"logo\":{\"@type\":\"ImageObject\",\"inLanguage\":\"hu\",\"@id\":\"https:\/\/sztgotthard-altisk.hu\/#\/schema\/logo\/image\/\",\"url\":\"https:\/\/i0.wp.com\/www.sztgotthard-altisk.hu\/wp-content\/uploads\/2022\/01\/sztg_altisk_logo.png?fit=161%2C129&ssl=1\",\"contentUrl\":\"https:\/\/i0.wp.com\/www.sztgotthard-altisk.hu\/wp-content\/uploads\/2022\/01\/sztg_altisk_logo.png?fit=161%2C129&ssl=1\",\"width\":161,\"height\":129,\"caption\":\"Szent Gell\u00e9rt \u00c1ltal\u00e1nos Iskola\"},\"image\":{\"@id\":\"https:\/\/sztgotthard-altisk.hu\/#\/schema\/logo\/image\/\"}}]}<\/script>\n<!-- \/ Yoast SEO plugin. -->","yoast_head_json":{"title":"Eredm\u00e9nyek 2017\/2018 - Szent Gotth\u00e1rd \u00c1ltal\u00e1nos Iskola","robots":{"index":"index","follow":"follow","max-snippet":"max-snippet:-1","max-image-preview":"max-image-preview:large","max-video-preview":"max-video-preview:-1"},"canonical":"https:\/\/sztgotthard-altisk.hu\/?page_id=1746","og_locale":"hu_HU","og_type":"article","og_title":"Eredm\u00e9nyek 2017\/2018 - Szent Gotth\u00e1rd \u00c1ltal\u00e1nos Iskola","og_description":"A 2017\/2018-as tan\u00e9v k\u00f6rzeti\/megyei\/orsz\u00e1gos versenyeredm\u00e9nyei: Verseny megnevez\u00e9se: N\u00e9v\/oszt\u00e1ly Helyez\u00e9s Kateg\u00f3ria Felk\u00e9sz\u00edt\u0151 tan\u00e1r Helysz\u00edn\/Id\u0151pont Megyei Bolyai matematika verseny 8.a Baranyai Ferenc Nagy Viktor Tak\u00e1cs Dori\u00e1n Mih\u00e1lyfi D\u00e1vid \u00a09. csapat Tonweber \u00c1gnes Szentgotth\u00e1rd, 2017. okt\u00f3ber 13. 6.b Mesics-Leiner F\u00e9lix N\u00e9meth Marcell Pavlics B\u00e1lint T\u00f3th Andr\u00e1s 20. csapat Szemes Gy\u00f6ngyi 6.c Orb\u00e1n L\u00e9na Orb\u00e1n Marina Sz\u00e9kely Anna Z\u00e1vecz [&hellip;]","og_url":"https:\/\/sztgotthard-altisk.hu\/?page_id=1746","og_site_name":"Szent Gotth\u00e1rd \u00c1ltal\u00e1nos Iskola","article_modified_time":"2018-03-28T10:06:29+00:00","twitter_card":"summary_large_image","twitter_misc":{"Becs\u00fclt olvas\u00e1si id\u0151":"3 perc"},"schema":{"@context":"https:\/\/schema.org","@graph":[{"@type":"WebPage","@id":"https:\/\/sztgotthard-altisk.hu\/?page_id=1746","url":"https:\/\/sztgotthard-altisk.hu\/?page_id=1746","name":"Eredm\u00e9nyek 2017\/2018 - Szent Gotth\u00e1rd \u00c1ltal\u00e1nos Iskola","isPartOf":{"@id":"https:\/\/sztgotthard-altisk.hu\/#website"},"datePublished":"2017-11-29T10:06:58+00:00","dateModified":"2018-03-28T10:06:29+00:00","breadcrumb":{"@id":"https:\/\/sztgotthard-altisk.hu\/?page_id=1746#breadcrumb"},"inLanguage":"hu","potentialAction":[{"@type":"ReadAction","target":["https:\/\/sztgotthard-altisk.hu\/?page_id=1746"]}]},{"@type":"BreadcrumbList","@id":"https:\/\/sztgotthard-altisk.hu\/?page_id=1746#breadcrumb","itemListElement":[{"@type":"ListItem","position":1,"name":"Kezd\u0151lap","item":"https:\/\/sztgotthard-altisk.hu\/"},{"@type":"ListItem","position":2,"name":"Eredm\u00e9nyek 2017\/2018"}]},{"@type":"WebSite","@id":"https:\/\/sztgotthard-altisk.hu\/#website","url":"https:\/\/sztgotthard-altisk.hu\/","name":"Szent Gotth\u00e1rd \u00c1ltal\u00e1nos Iskola","description":"Szent Gotth\u00e1rd \u00c1ltal\u00e1nos Iskola","publisher":{"@id":"https:\/\/sztgotthard-altisk.hu\/#organization"},"potentialAction":[{"@type":"SearchAction","target":{"@type":"EntryPoint","urlTemplate":"https:\/\/sztgotthard-altisk.hu\/?s={search_term_string}"},"query-input":{"@type":"PropertyValueSpecification","valueRequired":true,"valueName":"search_term_string"}}],"inLanguage":"hu"},{"@type":"Organization","@id":"https:\/\/sztgotthard-altisk.hu\/#organization","name":"Szent Gell\u00e9rt \u00c1ltal\u00e1nos Iskola","url":"https:\/\/sztgotthard-altisk.hu\/","logo":{"@type":"ImageObject","inLanguage":"hu","@id":"https:\/\/sztgotthard-altisk.hu\/#\/schema\/logo\/image\/","url":"https:\/\/i0.wp.com\/www.sztgotthard-altisk.hu\/wp-content\/uploads\/2022\/01\/sztg_altisk_logo.png?fit=161%2C129&ssl=1","contentUrl":"https:\/\/i0.wp.com\/www.sztgotthard-altisk.hu\/wp-content\/uploads\/2022\/01\/sztg_altisk_logo.png?fit=161%2C129&ssl=1","width":161,"height":129,"caption":"Szent Gell\u00e9rt \u00c1ltal\u00e1nos Iskola"},"image":{"@id":"https:\/\/sztgotthard-altisk.hu\/#\/schema\/logo\/image\/"}}]}},"jetpack_shortlink":"https:\/\/wp.me\/P9tyQr-sa","jetpack_sharing_enabled":true,"_links":{"self":[{"href":"https:\/\/sztgotthard-altisk.hu\/index.php?rest_route=\/wp\/v2\/pages\/1746","targetHints":{"allow":["GET"]}}],"collection":[{"href":"https:\/\/sztgotthard-altisk.hu\/index.php?rest_route=\/wp\/v2\/pages"}],"about":[{"href":"https:\/\/sztgotthard-altisk.hu\/index.php?rest_route=\/wp\/v2\/types\/page"}],"author":[{"embeddable":true,"href":"https:\/\/sztgotthard-altisk.hu\/index.php?rest_route=\/wp\/v2\/users\/4"}],"replies":[{"embeddable":true,"href":"https:\/\/sztgotthard-altisk.hu\/index.php?rest_route=%2Fwp%2Fv2%2Fcomments&post=1746"}],"version-history":[{"count":13,"href":"https:\/\/sztgotthard-altisk.hu\/index.php?rest_route=\/wp\/v2\/pages\/1746\/revisions"}],"predecessor-version":[{"id":2139,"href":"https:\/\/sztgotthard-altisk.hu\/index.php?rest_route=\/wp\/v2\/pages\/1746\/revisions\/2139"}],"wp:attachment":[{"href":"https:\/\/sztgotthard-altisk.hu\/index.php?rest_route=%2Fwp%2Fv2%2Fmedia&parent=1746"}],"curies":[{"name":"wp","href":"https:\/\/api.w.org\/{rel}","templated":true}]}}