{"id":17,"date":"2015-09-03T11:18:40","date_gmt":"2015-09-03T11:18:40","guid":{"rendered":"http:\/\/szia-sztg.sulinet.hu\/?page_id=17"},"modified":"2016-12-01T17:46:11","modified_gmt":"2016-12-01T16:46:11","slug":"17-2","status":"publish","type":"page","link":"https:\/\/sztgotthard-altisk.hu\/?page_id=17","title":{"rendered":"N\u00e9vad\u00f3nk"},"content":{"rendered":"<blockquote><p>&#8222;Tiszteld a m\u00faltat, hogy \u00e9rthesd a jelent, \u00e9s munk\u00e1lkodhass a j\u00f6v\u0151n.&#8221;<\/p><\/blockquote>\n<p><a href=\"https:\/\/i0.wp.com\/www.sztgotthard-altisk.hu\/wp-content\/uploads\/2015\/09\/szechenyi-istvan.jpg\"><img data-recalc-dims=\"1\" fetchpriority=\"high\" decoding=\"async\" class=\"size-medium wp-image-46 alignright\" src=\"https:\/\/i0.wp.com\/www.sztgotthard-altisk.hu\/wp-content\/uploads\/2015\/09\/szechenyi-istvan-225x300.jpg?resize=225%2C300\" alt=\"szechenyi-istvan\" width=\"225\" height=\"300\" srcset=\"https:\/\/i0.wp.com\/sztgotthard-altisk.hu\/wp-content\/uploads\/2015\/09\/szechenyi-istvan.jpg?resize=225%2C300&amp;ssl=1 225w, https:\/\/i0.wp.com\/sztgotthard-altisk.hu\/wp-content\/uploads\/2015\/09\/szechenyi-istvan.jpg?w=324&amp;ssl=1 324w\" sizes=\"(max-width: 225px) 100vw, 225px\" \/><\/a><\/p>\n<p style=\"text-align: justify;\">Az\u00e9rt v\u00e1lasztottuk iskol\u00e1nk n\u00e9vad\u00f3j\u00e1nak Sz\u00e9chenyi Istv\u00e1nt, mert \u00e9lete, tettei, hazaszeretete p\u00e9ldak\u00e9nt \u00e1ll\u00edthat\u00f3 b\u00e1rmely kor feln\u00f6v\u0151 nemzed\u00e9kei sz\u00e1m\u00e1ra.<br \/>\nFelismerte, hogy a fejl\u0151d\u00e9s \u00e9rdek\u00e9ben Magyarorsz\u00e1gnak reformokra van sz\u00fcks\u00e9ge \u00e9s \u00e9letc\u00e9lj\u00e1t az orsz\u00e1g felemelked\u00e9s\u00e9\u00e9rt v\u00e9gzett munk\u00e1ban tal\u00e1lta meg.<\/p>\n<p style=\"text-align: justify;\">Sz\u00e9chenyi Istv\u00e1n gr\u00f3f 1791. szeptember 21-\u00e9n sz\u00fcletett B\u00e9csben, a nagy m\u00falt\u00fa \u00e9s d\u00fasgazdag Sz\u00e9ch\u00e9nyi csal\u00e1d \u00f6t\u00f6dik gyermekek\u00e9nt. Apja Sz\u00e9ch\u00e9nyi Ferenc gr\u00f3f, a Magyar Nemzeti M\u00fazeum alap\u00edt\u00f3ja, \u00e9desanyja Festetich Julianna gr\u00f3fn\u0151, a keszthelyi Georgicont alap\u00edt\u00f3 Festetich Gy\u00f6rgy testv\u00e9re.<\/p>\n<p style=\"text-align: justify;\">Az ifj\u00fa Sz\u00e9chenyi gyermekkora Nagycenk \u00e9s B\u00e9cs k\u00f6z\u00f6tt megosztva telt.<\/p>\n<p style=\"text-align: justify;\">1809 \u00e1prilis\u00e1ban k\u00e9t b\u00e1tyj\u00e1val csatlakozott a Nap\u00f3leon ellen indul\u00f3 nemesi felkel\u00e9shez, k\u00e9s\u0151bb hivat\u00e1sos katona lett. R\u00e9szt vett a lipcsei csat\u00e1ban 1813-ban, ahol fut\u00e1rk\u00e9nt szolg\u00e1lt. T\u00f6bb kit\u00fcntet\u00e9sben is r\u00e9szes\u00fclt.<\/p>\n<p style=\"text-align: justify;\">Szabads\u00e1gai alatt sokat utazott, bar\u00e1tj\u00e1val, Wessel\u00e9nyi Mikl\u00f3s b\u00e1r\u00f3val k\u00f6rutaz\u00e1sokat tett Nyugat-Eur\u00f3p\u00e1ban. Angliai \u00fatja sor\u00e1n d\u00f6bbent r\u00e1 haz\u00e1ja elmaradotts\u00e1g\u00e1ra.<\/p>\n<p style=\"text-align: justify;\">Az 1825-\u00f6s orsz\u00e1ggy\u0171l\u00e9sen h\u00edvta fel mag\u00e1ra a figyelmet, ahol magyarul sz\u00f3lalt fel, \u00e9s birtokai egy\u00e9vi j\u00f6vedelm\u00e9nek felaj\u00e1nl\u00e1s\u00e1val megalap\u00edtotta a Magyar Tudom\u00e1nyos Akad\u00e9mi\u00e1t.<\/p>\n<p style=\"text-align: justify;\">Gyakorlati tev\u00e9kenys\u00e9ge, k\u00f6z\u00e9leti r\u00e9szv\u00e9tele ekkor kezd\u0151d\u00f6tt el. K\u00e9t \u00e9vvel k\u00e9s\u0151bb angol mint\u00e1ra l\u00e9trehozta a kaszin\u00f3t, valamint a l\u00f3versenyz\u00e9st. Kezdem\u00e9nyezte a hazai k\u00f6zleked\u00e9s fejleszt\u00e9s\u00e9t: a Duna \u00e9s Tisza szab\u00e1lyoz\u00e1sa ut\u00e1n megindulhatott a g\u0151zhaj\u00f3z\u00e1s, \u00e9s nev\u00e9hez f\u0171z\u0151dik a Duna els\u0151 \u00e1lland\u00f3 h\u00eddj\u00e1nak, a L\u00e1nch\u00eddnak az \u00e9p\u00edt\u00e9se is.<br \/>\nAz \u0151 gondolata volt Pest \u00e9s Buda egyes\u00edt\u00e9se, \u00e9s Budapest n\u00e9ven f\u0151v\u00e1ross\u00e1 fejleszt\u00e9se.<br \/>\nTov\u00e1bbi kezdem\u00e9nyez\u00e9se az \u00f3budai t\u00e9li kik\u00f6t\u0151 l\u00e9trehoz\u00e1sa, a selyemherny\u00f3 teny\u00e9szt\u00e9s n\u00e9pszer\u0171s\u00edt\u00e9se, a hazai l\u00f3teny\u00e9szt\u00e9s fellend\u00edt\u00e9se.<\/p>\n<p style=\"text-align: justify;\">1836-ban fels\u00e9g\u00fcl vette r\u00e9gi szerelm\u00e9t, Seilern Crescentia gr\u00f3fn\u0151t. H\u00e1zass\u00e1gukb\u00f3l h\u00e1rom gyermek sz\u00fcletett, de csak kett\u0151 \u00e9rte el a feln\u0151ttkort, B\u00e9la \u00e9s \u00d6d\u00f6n.<\/p>\n<p style=\"text-align: justify;\">Sz\u00e9chenyi nemcsak az orsz\u00e1g gazdas\u00e1gi elmaradotts\u00e1g\u00e1t \u00e9rtette meg, hanem az abb\u00f3l fakad\u00f3 t\u00e1rsadalmi fesz\u00fclts\u00e9geket is. 1830-ban jelent meg programad\u00f3 munk\u00e1ja a Hitel. Ebben kifejtette elk\u00e9pzel\u00e9seit: robot helyett a b\u00e9rmunka bevezet\u00e9s\u00e9t, az 1351. \u00f3ta \u00e9rv\u00e9nyben lev\u0151 \u0151sis\u00e9g t\u00f6rv\u00e9ny\u00e9nek elt\u00f6rl\u00e9s\u00e9t. A v\u00e1ltoztat\u00e1sokat az arisztokr\u00e1ci\u00e1t\u00f3l v\u00e1rta.<br \/>\nK\u00e9s\u0151bb jelent meg a &#8222;Vil\u00e1g&#8221; majd a &#8222;St\u00e1dium&#8221; c. m\u0171ve, melyben 12 pontban foglalta \u00f6ssze c\u00e9lkit\u0171z\u00e9seit. Hamarosan szembe ker\u00fclt Kossuth Lajossal, annak radik\u00e1lis n\u00e9zetei miatt, \u00e9s ez a reformmozgalmon bel\u00fcli elszigetel\u0151d\u00e9s\u00e9hez vezetett, b\u00e1r \u00e9pp Kossuth nevezte \u0151t a legnagyobb magyarnak. Az 1848 \u00e1prilis\u00e1ban megalakul\u00f3 Batthy\u00e1ny-korm\u00e1nyban k\u00f6zmunka- \u00e9s k\u00f6zleked\u00e9s\u00fcgyi miniszter lett. B\u00e9cs \u00e9s a f\u00fcggetlen magyar korm\u00e1ny k\u00f6z\u00f6tti fesz\u00fclts\u00e9geket azonban nem tudta elviselni. Lemondott tiszts\u00e9g\u00e9r\u0151l \u00e9s 1848 szeptember\u00e9ben a d\u00f6blingi elmegy\u00f3gyint\u00e9zetbe ker\u00fclt. A szabads\u00e1gharc kit\u00f6r\u00e9s\u00e9\u00e9rt \u00f6nmag\u00e1t v\u00e1dolta. D\u00f6blingben n\u00e9h\u00e1ny \u00e9v alatt visszanyerte alkot\u00f3erej\u00e9t \u00e9s \u00e9l\u00e9nk politikai tev\u00e9kenys\u00e9get fejtett ki az 1850-es \u00e9vek m\u00e1sodik fel\u00e9t\u0151l. Londonban jelent meg az &#8222;Ein Blick auf den anonymen R\u00fcckblick&#8221; c\u00edm\u0171 munk\u00e1ja, amire a cs\u00e1sz\u00e1ri rend\u0151rs\u00e9g is felfigyelt. A sorozatos zaklat\u00e1sok, h\u00e1zkutat\u00e1sok fel\u0151r\u00f6lt\u00e9k Sz\u00e9chenyi erej\u00e9t, idegrendszer\u00e9t. 1860. \u00e1prilis 8-\u00e1n karossz\u00e9k\u00e9ben halva tal\u00e1lt\u00e1k pisztollyal a kez\u00e9ben.<\/p>\n<p>1936 m\u00e1jus\u00e1ban Babits \u00edgy \u00edrt r\u00f3la:<\/p>\n<blockquote><p>M\u00e9gis van valami m\u00f6g\u00f6tte, ami nem emberi gyarl\u00f3s\u00e1g, hanem emberi nagys\u00e1g. Ez maga az egy\u00e9nis\u00e9g ereje, a kit\u00f6r\u0151 individuum, amely nem t\u0171ri, hogy elt\u0171nj\u00f6n \u00e9s hat\u00e1stalanul maradjon a vil\u00e1gban&#8230; De l\u00e9nyeg\u00e9ben egyszer\u0171 valami, s m\u00e9gis a legnagyobb, ami a vil\u00e1gon l\u00e9tezik: er\u0151, emberi er\u0151.<\/p><\/blockquote>\n","protected":false},"excerpt":{"rendered":"<p>&#8222;Tiszteld a m\u00faltat, hogy \u00e9rthesd a jelent, \u00e9s munk\u00e1lkodhass a j\u00f6v\u0151n.&#8221; Az\u00e9rt v\u00e1lasztottuk iskol\u00e1nk n\u00e9vad\u00f3j\u00e1nak Sz\u00e9chenyi Istv\u00e1nt, mert \u00e9lete, tettei, hazaszeretete p\u00e9ldak\u00e9nt \u00e1ll\u00edthat\u00f3 b\u00e1rmely kor feln\u00f6v\u0151 nemzed\u00e9kei sz\u00e1m\u00e1ra. Felismerte, hogy a fejl\u0151d\u00e9s \u00e9rdek\u00e9ben Magyarorsz\u00e1gnak reformokra van sz\u00fcks\u00e9ge \u00e9s \u00e9letc\u00e9lj\u00e1t az orsz\u00e1g felemelked\u00e9s\u00e9\u00e9rt v\u00e9gzett munk\u00e1ban tal\u00e1lta meg. Sz\u00e9chenyi Istv\u00e1n gr\u00f3f 1791. szeptember 21-\u00e9n sz\u00fcletett B\u00e9csben, a [&hellip;]<\/p>\n","protected":false},"author":4,"featured_media":0,"parent":12,"menu_order":1,"comment_status":"closed","ping_status":"closed","template":"","meta":{"_exactmetrics_skip_tracking":false,"_exactmetrics_sitenote_active":false,"_exactmetrics_sitenote_note":"","_exactmetrics_sitenote_category":0,"footnotes":""},"class_list":["post-17","page","type-page","status-publish","hentry"],"yoast_head":"<!-- This site is optimized with the Yoast SEO plugin v26.7 - https:\/\/yoast.com\/wordpress\/plugins\/seo\/ -->\n<title>N\u00e9vad\u00f3nk - Szent Gotth\u00e1rd \u00c1ltal\u00e1nos Iskola<\/title>\n<meta name=\"robots\" content=\"index, follow, max-snippet:-1, max-image-preview:large, max-video-preview:-1\" \/>\n<link rel=\"canonical\" href=\"https:\/\/sztgotthard-altisk.hu\/?page_id=17\" \/>\n<meta property=\"og:locale\" content=\"hu_HU\" \/>\n<meta property=\"og:type\" content=\"article\" \/>\n<meta property=\"og:title\" content=\"N\u00e9vad\u00f3nk - Szent Gotth\u00e1rd \u00c1ltal\u00e1nos Iskola\" \/>\n<meta property=\"og:description\" content=\"&#8222;Tiszteld a m\u00faltat, hogy \u00e9rthesd a jelent, \u00e9s munk\u00e1lkodhass a j\u00f6v\u0151n.&#8221; Az\u00e9rt v\u00e1lasztottuk iskol\u00e1nk n\u00e9vad\u00f3j\u00e1nak Sz\u00e9chenyi Istv\u00e1nt, mert \u00e9lete, tettei, hazaszeretete p\u00e9ldak\u00e9nt \u00e1ll\u00edthat\u00f3 b\u00e1rmely kor feln\u00f6v\u0151 nemzed\u00e9kei sz\u00e1m\u00e1ra. Felismerte, hogy a fejl\u0151d\u00e9s \u00e9rdek\u00e9ben Magyarorsz\u00e1gnak reformokra van sz\u00fcks\u00e9ge \u00e9s \u00e9letc\u00e9lj\u00e1t az orsz\u00e1g felemelked\u00e9s\u00e9\u00e9rt v\u00e9gzett munk\u00e1ban tal\u00e1lta meg. Sz\u00e9chenyi Istv\u00e1n gr\u00f3f 1791. szeptember 21-\u00e9n sz\u00fcletett B\u00e9csben, a [&hellip;]\" \/>\n<meta property=\"og:url\" content=\"https:\/\/sztgotthard-altisk.hu\/?page_id=17\" \/>\n<meta property=\"og:site_name\" content=\"Szent Gotth\u00e1rd \u00c1ltal\u00e1nos Iskola\" \/>\n<meta property=\"article:modified_time\" content=\"2016-12-01T16:46:11+00:00\" \/>\n<meta property=\"og:image\" content=\"http:\/\/www.sztgotthard-altisk.hu\/wp-content\/uploads\/2015\/09\/szechenyi-istvan-225x300.jpg\" \/>\n<meta name=\"twitter:card\" content=\"summary_large_image\" \/>\n<meta name=\"twitter:label1\" content=\"Becs\u00fclt olvas\u00e1si id\u0151\" \/>\n\t<meta name=\"twitter:data1\" content=\"4 perc\" \/>\n<script type=\"application\/ld+json\" class=\"yoast-schema-graph\">{\"@context\":\"https:\/\/schema.org\",\"@graph\":[{\"@type\":\"WebPage\",\"@id\":\"https:\/\/sztgotthard-altisk.hu\/?page_id=17\",\"url\":\"https:\/\/sztgotthard-altisk.hu\/?page_id=17\",\"name\":\"N\u00e9vad\u00f3nk - Szent Gotth\u00e1rd \u00c1ltal\u00e1nos Iskola\",\"isPartOf\":{\"@id\":\"https:\/\/sztgotthard-altisk.hu\/#website\"},\"primaryImageOfPage\":{\"@id\":\"https:\/\/sztgotthard-altisk.hu\/?page_id=17#primaryimage\"},\"image\":{\"@id\":\"https:\/\/sztgotthard-altisk.hu\/?page_id=17#primaryimage\"},\"thumbnailUrl\":\"http:\/\/www.sztgotthard-altisk.hu\/wp-content\/uploads\/2015\/09\/szechenyi-istvan-225x300.jpg\",\"datePublished\":\"2015-09-03T11:18:40+00:00\",\"dateModified\":\"2016-12-01T16:46:11+00:00\",\"breadcrumb\":{\"@id\":\"https:\/\/sztgotthard-altisk.hu\/?page_id=17#breadcrumb\"},\"inLanguage\":\"hu\",\"potentialAction\":[{\"@type\":\"ReadAction\",\"target\":[\"https:\/\/sztgotthard-altisk.hu\/?page_id=17\"]}]},{\"@type\":\"ImageObject\",\"inLanguage\":\"hu\",\"@id\":\"https:\/\/sztgotthard-altisk.hu\/?page_id=17#primaryimage\",\"url\":\"http:\/\/www.sztgotthard-altisk.hu\/wp-content\/uploads\/2015\/09\/szechenyi-istvan-225x300.jpg\",\"contentUrl\":\"http:\/\/www.sztgotthard-altisk.hu\/wp-content\/uploads\/2015\/09\/szechenyi-istvan-225x300.jpg\"},{\"@type\":\"BreadcrumbList\",\"@id\":\"https:\/\/sztgotthard-altisk.hu\/?page_id=17#breadcrumb\",\"itemListElement\":[{\"@type\":\"ListItem\",\"position\":1,\"name\":\"Kezd\u0151lap\",\"item\":\"https:\/\/sztgotthard-altisk.hu\/\"},{\"@type\":\"ListItem\",\"position\":2,\"name\":\"T\u00f6rt\u00e9net\",\"item\":\"https:\/\/sztgotthard-altisk.hu\/?page_id=12\"},{\"@type\":\"ListItem\",\"position\":3,\"name\":\"N\u00e9vad\u00f3nk\"}]},{\"@type\":\"WebSite\",\"@id\":\"https:\/\/sztgotthard-altisk.hu\/#website\",\"url\":\"https:\/\/sztgotthard-altisk.hu\/\",\"name\":\"Szent Gotth\u00e1rd \u00c1ltal\u00e1nos Iskola\",\"description\":\"Szent Gotth\u00e1rd \u00c1ltal\u00e1nos Iskola\",\"publisher\":{\"@id\":\"https:\/\/sztgotthard-altisk.hu\/#organization\"},\"potentialAction\":[{\"@type\":\"SearchAction\",\"target\":{\"@type\":\"EntryPoint\",\"urlTemplate\":\"https:\/\/sztgotthard-altisk.hu\/?s={search_term_string}\"},\"query-input\":{\"@type\":\"PropertyValueSpecification\",\"valueRequired\":true,\"valueName\":\"search_term_string\"}}],\"inLanguage\":\"hu\"},{\"@type\":\"Organization\",\"@id\":\"https:\/\/sztgotthard-altisk.hu\/#organization\",\"name\":\"Szent Gell\u00e9rt \u00c1ltal\u00e1nos Iskola\",\"url\":\"https:\/\/sztgotthard-altisk.hu\/\",\"logo\":{\"@type\":\"ImageObject\",\"inLanguage\":\"hu\",\"@id\":\"https:\/\/sztgotthard-altisk.hu\/#\/schema\/logo\/image\/\",\"url\":\"https:\/\/i0.wp.com\/www.sztgotthard-altisk.hu\/wp-content\/uploads\/2022\/01\/sztg_altisk_logo.png?fit=161%2C129&ssl=1\",\"contentUrl\":\"https:\/\/i0.wp.com\/www.sztgotthard-altisk.hu\/wp-content\/uploads\/2022\/01\/sztg_altisk_logo.png?fit=161%2C129&ssl=1\",\"width\":161,\"height\":129,\"caption\":\"Szent Gell\u00e9rt \u00c1ltal\u00e1nos Iskola\"},\"image\":{\"@id\":\"https:\/\/sztgotthard-altisk.hu\/#\/schema\/logo\/image\/\"}}]}<\/script>\n<!-- \/ Yoast SEO plugin. -->","yoast_head_json":{"title":"N\u00e9vad\u00f3nk - Szent Gotth\u00e1rd \u00c1ltal\u00e1nos Iskola","robots":{"index":"index","follow":"follow","max-snippet":"max-snippet:-1","max-image-preview":"max-image-preview:large","max-video-preview":"max-video-preview:-1"},"canonical":"https:\/\/sztgotthard-altisk.hu\/?page_id=17","og_locale":"hu_HU","og_type":"article","og_title":"N\u00e9vad\u00f3nk - Szent Gotth\u00e1rd \u00c1ltal\u00e1nos Iskola","og_description":"&#8222;Tiszteld a m\u00faltat, hogy \u00e9rthesd a jelent, \u00e9s munk\u00e1lkodhass a j\u00f6v\u0151n.&#8221; Az\u00e9rt v\u00e1lasztottuk iskol\u00e1nk n\u00e9vad\u00f3j\u00e1nak Sz\u00e9chenyi Istv\u00e1nt, mert \u00e9lete, tettei, hazaszeretete p\u00e9ldak\u00e9nt \u00e1ll\u00edthat\u00f3 b\u00e1rmely kor feln\u00f6v\u0151 nemzed\u00e9kei sz\u00e1m\u00e1ra. Felismerte, hogy a fejl\u0151d\u00e9s \u00e9rdek\u00e9ben Magyarorsz\u00e1gnak reformokra van sz\u00fcks\u00e9ge \u00e9s \u00e9letc\u00e9lj\u00e1t az orsz\u00e1g felemelked\u00e9s\u00e9\u00e9rt v\u00e9gzett munk\u00e1ban tal\u00e1lta meg. Sz\u00e9chenyi Istv\u00e1n gr\u00f3f 1791. szeptember 21-\u00e9n sz\u00fcletett B\u00e9csben, a [&hellip;]","og_url":"https:\/\/sztgotthard-altisk.hu\/?page_id=17","og_site_name":"Szent Gotth\u00e1rd \u00c1ltal\u00e1nos Iskola","article_modified_time":"2016-12-01T16:46:11+00:00","og_image":[{"url":"http:\/\/www.sztgotthard-altisk.hu\/wp-content\/uploads\/2015\/09\/szechenyi-istvan-225x300.jpg","type":"","width":"","height":""}],"twitter_card":"summary_large_image","twitter_misc":{"Becs\u00fclt olvas\u00e1si id\u0151":"4 perc"},"schema":{"@context":"https:\/\/schema.org","@graph":[{"@type":"WebPage","@id":"https:\/\/sztgotthard-altisk.hu\/?page_id=17","url":"https:\/\/sztgotthard-altisk.hu\/?page_id=17","name":"N\u00e9vad\u00f3nk - Szent Gotth\u00e1rd \u00c1ltal\u00e1nos Iskola","isPartOf":{"@id":"https:\/\/sztgotthard-altisk.hu\/#website"},"primaryImageOfPage":{"@id":"https:\/\/sztgotthard-altisk.hu\/?page_id=17#primaryimage"},"image":{"@id":"https:\/\/sztgotthard-altisk.hu\/?page_id=17#primaryimage"},"thumbnailUrl":"http:\/\/www.sztgotthard-altisk.hu\/wp-content\/uploads\/2015\/09\/szechenyi-istvan-225x300.jpg","datePublished":"2015-09-03T11:18:40+00:00","dateModified":"2016-12-01T16:46:11+00:00","breadcrumb":{"@id":"https:\/\/sztgotthard-altisk.hu\/?page_id=17#breadcrumb"},"inLanguage":"hu","potentialAction":[{"@type":"ReadAction","target":["https:\/\/sztgotthard-altisk.hu\/?page_id=17"]}]},{"@type":"ImageObject","inLanguage":"hu","@id":"https:\/\/sztgotthard-altisk.hu\/?page_id=17#primaryimage","url":"http:\/\/www.sztgotthard-altisk.hu\/wp-content\/uploads\/2015\/09\/szechenyi-istvan-225x300.jpg","contentUrl":"http:\/\/www.sztgotthard-altisk.hu\/wp-content\/uploads\/2015\/09\/szechenyi-istvan-225x300.jpg"},{"@type":"BreadcrumbList","@id":"https:\/\/sztgotthard-altisk.hu\/?page_id=17#breadcrumb","itemListElement":[{"@type":"ListItem","position":1,"name":"Kezd\u0151lap","item":"https:\/\/sztgotthard-altisk.hu\/"},{"@type":"ListItem","position":2,"name":"T\u00f6rt\u00e9net","item":"https:\/\/sztgotthard-altisk.hu\/?page_id=12"},{"@type":"ListItem","position":3,"name":"N\u00e9vad\u00f3nk"}]},{"@type":"WebSite","@id":"https:\/\/sztgotthard-altisk.hu\/#website","url":"https:\/\/sztgotthard-altisk.hu\/","name":"Szent Gotth\u00e1rd \u00c1ltal\u00e1nos Iskola","description":"Szent Gotth\u00e1rd \u00c1ltal\u00e1nos Iskola","publisher":{"@id":"https:\/\/sztgotthard-altisk.hu\/#organization"},"potentialAction":[{"@type":"SearchAction","target":{"@type":"EntryPoint","urlTemplate":"https:\/\/sztgotthard-altisk.hu\/?s={search_term_string}"},"query-input":{"@type":"PropertyValueSpecification","valueRequired":true,"valueName":"search_term_string"}}],"inLanguage":"hu"},{"@type":"Organization","@id":"https:\/\/sztgotthard-altisk.hu\/#organization","name":"Szent Gell\u00e9rt \u00c1ltal\u00e1nos Iskola","url":"https:\/\/sztgotthard-altisk.hu\/","logo":{"@type":"ImageObject","inLanguage":"hu","@id":"https:\/\/sztgotthard-altisk.hu\/#\/schema\/logo\/image\/","url":"https:\/\/i0.wp.com\/www.sztgotthard-altisk.hu\/wp-content\/uploads\/2022\/01\/sztg_altisk_logo.png?fit=161%2C129&ssl=1","contentUrl":"https:\/\/i0.wp.com\/www.sztgotthard-altisk.hu\/wp-content\/uploads\/2022\/01\/sztg_altisk_logo.png?fit=161%2C129&ssl=1","width":161,"height":129,"caption":"Szent Gell\u00e9rt \u00c1ltal\u00e1nos Iskola"},"image":{"@id":"https:\/\/sztgotthard-altisk.hu\/#\/schema\/logo\/image\/"}}]}},"jetpack_shortlink":"https:\/\/wp.me\/P9tyQr-h","jetpack_sharing_enabled":true,"_links":{"self":[{"href":"https:\/\/sztgotthard-altisk.hu\/index.php?rest_route=\/wp\/v2\/pages\/17","targetHints":{"allow":["GET"]}}],"collection":[{"href":"https:\/\/sztgotthard-altisk.hu\/index.php?rest_route=\/wp\/v2\/pages"}],"about":[{"href":"https:\/\/sztgotthard-altisk.hu\/index.php?rest_route=\/wp\/v2\/types\/page"}],"author":[{"embeddable":true,"href":"https:\/\/sztgotthard-altisk.hu\/index.php?rest_route=\/wp\/v2\/users\/4"}],"replies":[{"embeddable":true,"href":"https:\/\/sztgotthard-altisk.hu\/index.php?rest_route=%2Fwp%2Fv2%2Fcomments&post=17"}],"version-history":[{"count":7,"href":"https:\/\/sztgotthard-altisk.hu\/index.php?rest_route=\/wp\/v2\/pages\/17\/revisions"}],"predecessor-version":[{"id":678,"href":"https:\/\/sztgotthard-altisk.hu\/index.php?rest_route=\/wp\/v2\/pages\/17\/revisions\/678"}],"up":[{"embeddable":true,"href":"https:\/\/sztgotthard-altisk.hu\/index.php?rest_route=\/wp\/v2\/pages\/12"}],"wp:attachment":[{"href":"https:\/\/sztgotthard-altisk.hu\/index.php?rest_route=%2Fwp%2Fv2%2Fmedia&parent=17"}],"curies":[{"name":"wp","href":"https:\/\/api.w.org\/{rel}","templated":true}]}}