{"id":12,"date":"2015-09-03T11:05:11","date_gmt":"2015-09-03T11:05:11","guid":{"rendered":"http:\/\/szia-sztg.sulinet.hu\/?page_id=12"},"modified":"2015-09-04T16:27:00","modified_gmt":"2015-09-04T14:27:00","slug":"tortenet","status":"publish","type":"page","link":"https:\/\/sztgotthard-altisk.hu\/?page_id=12","title":{"rendered":"T\u00f6rt\u00e9net"},"content":{"rendered":"<p><img data-recalc-dims=\"1\" fetchpriority=\"high\" decoding=\"async\" class=\"alignnone size-full wp-image-82\" src=\"https:\/\/i0.wp.com\/www.sztgotthard-altisk.hu\/wp-content\/uploads\/2015\/09\/tortenet.png?resize=1140%2C208\" alt=\"tortenet\" width=\"1140\" height=\"208\" srcset=\"https:\/\/i0.wp.com\/sztgotthard-altisk.hu\/wp-content\/uploads\/2015\/09\/tortenet.png?w=1920&amp;ssl=1 1920w, https:\/\/i0.wp.com\/sztgotthard-altisk.hu\/wp-content\/uploads\/2015\/09\/tortenet.png?resize=300%2C55&amp;ssl=1 300w, https:\/\/i0.wp.com\/sztgotthard-altisk.hu\/wp-content\/uploads\/2015\/09\/tortenet.png?resize=1024%2C187&amp;ssl=1 1024w\" sizes=\"(max-width: 1140px) 100vw, 1140px\" \/><\/p>\n<p>1985. \u00daj iskola kezdte meg m\u0171k\u00f6d\u00e9s\u00e9t Szentgotth\u00e1rdon 2.sz. \u00c1ltal\u00e1nos Iskola n\u00e9ven. Helyet adott 600 tanul\u00f3nak \u00e9s 57 pedag\u00f3gusnak.<\/p>\n<p>Alap\u00edt\u00e1sakor arculat\u00e1t h\u00e1rom t\u00e9nyez\u0151 hat\u00e1rozta meg:<br \/>\n\u2022 v\u00e1rosi \u00e9s k\u00f6rzeti feladatok ell\u00e1t\u00e1sa<br \/>\n\u2022 szlov\u00e9n \u00e9s n\u00e9met nemzetis\u00e9gi oktat\u00e1s<br \/>\n\u2022 emelt \u00f3rasz\u00e1m\u00fa testnevel\u00e9s-oktat\u00e1s<\/p>\n<p>F\u00f6ldrajzi elhelyezked\u00e9s\u00e9b\u0151l ad\u00f3d\u00f3an a k\u00f6rny\u00e9k nemzetis\u00e9gi falvaib\u00f3l \u00e9rkez\u0151 tanul\u00f3k anyanyelvi oktat\u00e1s\u00e1t is fel kellett v\u00e1llalni. A r\u00e1bat\u00f3tfalusi iskol\u00e1t \u00e9s a r\u00e1baf\u00fczesi iskola fels\u0151 tagozat\u00e1t 1985-ben k\u00f6rzetes\u00edtett\u00e9k Szentgotth\u00e1rdra.<\/p>\n<p>1995. A t\u00edz\u00e9ves \u00e9vfordul\u00f3 alkalm\u00e1val az iskola felvette a Sz\u00e9chenyi Istv\u00e1n nevet.<\/p>\n<p>2001. A szakonyfalui iskola als\u00f3 tagozatos tanul\u00f3ival b\u0151v\u00fclt iskol\u00e1nk l\u00e9tsz\u00e1ma.<\/p>\n<p>2003. Comenius 2000 K\u00f6zoktat\u00e1si Min\u0151s\u00e9gfejleszt\u00e9si Program I. Int\u00e9zm\u00e9nyi modellj\u00e9nek ki\u00e9p\u00edt\u00e9se.<\/p>\n<p>2005. A r\u00e1baf\u00fczesi tagiskola als\u00f3 tagozatos tanul\u00f3ival gyarapodott iskol\u00e1nk l\u00e9tsz\u00e1ma. A nemzetis\u00e9gi oktat\u00e1s min\u0151s\u00e9gi jav\u00edt\u00e1sa \u00e9rdek\u00e9ben az iskola szlov\u00e9n \u00e9s n\u00e9met nyelvi lektorokat is alkalmazott.<\/p>\n<p>Szentgotth\u00e1rdi Integr\u00e1lt \u00c1ltal\u00e1nos Iskola, Gimn\u00e1zium \u00e9s Alapfok\u00fa M\u0171v\u00e9szetoktat\u00e1si Int\u00e9zm\u00e9ny l\u00e9trej\u00f6tte.<\/p>\n<p>2008. Als\u00f3 \u00e9s fels\u0151 tagozat k\u00fcl\u00f6nv\u00e1l\u00e1sa. Iskol\u00e1nk l\u00e1tja el a Szentgotth\u00e1rdi Oktat\u00e1si Int\u00e9zm\u00e9ny 5.-8.. \u00e9vfolyamos tanul\u00f3inak alapfok\u00fa oktat\u00e1s\u00e1t \u00e9s nevel\u00e9s\u00e9t.<\/p>\n<p>2009. Elnevez\u00e9s: Szentgotth\u00e1rd \u00e9s Kist\u00e9rs\u00e9ge Oktat\u00e1si Int\u00e9zm\u00e9ny \u00c1ltal\u00e1nos Iskol\u00e1j\u00e1nak Sz\u00e9chenyi Istv\u00e1n 5-8. \u00c9vfolyama.<\/p>\n","protected":false},"excerpt":{"rendered":"<p>1985. \u00daj iskola kezdte meg m\u0171k\u00f6d\u00e9s\u00e9t Szentgotth\u00e1rdon 2.sz. \u00c1ltal\u00e1nos Iskola n\u00e9ven. Helyet adott 600 tanul\u00f3nak \u00e9s 57 pedag\u00f3gusnak. Alap\u00edt\u00e1sakor arculat\u00e1t h\u00e1rom t\u00e9nyez\u0151 hat\u00e1rozta meg: \u2022 v\u00e1rosi \u00e9s k\u00f6rzeti feladatok ell\u00e1t\u00e1sa \u2022 szlov\u00e9n \u00e9s n\u00e9met nemzetis\u00e9gi oktat\u00e1s \u2022 emelt \u00f3rasz\u00e1m\u00fa testnevel\u00e9s-oktat\u00e1s F\u00f6ldrajzi elhelyezked\u00e9s\u00e9b\u0151l ad\u00f3d\u00f3an a k\u00f6rny\u00e9k nemzetis\u00e9gi falvaib\u00f3l \u00e9rkez\u0151 tanul\u00f3k anyanyelvi oktat\u00e1s\u00e1t is fel kellett v\u00e1llalni. [&hellip;]<\/p>\n","protected":false},"author":4,"featured_media":0,"parent":0,"menu_order":0,"comment_status":"closed","ping_status":"closed","template":"","meta":{"_exactmetrics_skip_tracking":false,"_exactmetrics_sitenote_active":false,"_exactmetrics_sitenote_note":"","_exactmetrics_sitenote_category":0,"footnotes":""},"class_list":["post-12","page","type-page","status-publish","hentry"],"yoast_head":"<!-- This site is optimized with the Yoast SEO plugin v26.7 - https:\/\/yoast.com\/wordpress\/plugins\/seo\/ -->\n<title>T\u00f6rt\u00e9net - Szent Gotth\u00e1rd \u00c1ltal\u00e1nos Iskola<\/title>\n<meta name=\"robots\" content=\"index, follow, max-snippet:-1, max-image-preview:large, max-video-preview:-1\" \/>\n<link rel=\"canonical\" href=\"https:\/\/sztgotthard-altisk.hu\/?page_id=12\" \/>\n<meta property=\"og:locale\" content=\"hu_HU\" \/>\n<meta property=\"og:type\" content=\"article\" \/>\n<meta property=\"og:title\" content=\"T\u00f6rt\u00e9net - Szent Gotth\u00e1rd \u00c1ltal\u00e1nos Iskola\" \/>\n<meta property=\"og:description\" content=\"1985. \u00daj iskola kezdte meg m\u0171k\u00f6d\u00e9s\u00e9t Szentgotth\u00e1rdon 2.sz. \u00c1ltal\u00e1nos Iskola n\u00e9ven. Helyet adott 600 tanul\u00f3nak \u00e9s 57 pedag\u00f3gusnak. Alap\u00edt\u00e1sakor arculat\u00e1t h\u00e1rom t\u00e9nyez\u0151 hat\u00e1rozta meg: \u2022 v\u00e1rosi \u00e9s k\u00f6rzeti feladatok ell\u00e1t\u00e1sa \u2022 szlov\u00e9n \u00e9s n\u00e9met nemzetis\u00e9gi oktat\u00e1s \u2022 emelt \u00f3rasz\u00e1m\u00fa testnevel\u00e9s-oktat\u00e1s F\u00f6ldrajzi elhelyezked\u00e9s\u00e9b\u0151l ad\u00f3d\u00f3an a k\u00f6rny\u00e9k nemzetis\u00e9gi falvaib\u00f3l \u00e9rkez\u0151 tanul\u00f3k anyanyelvi oktat\u00e1s\u00e1t is fel kellett v\u00e1llalni. [&hellip;]\" \/>\n<meta property=\"og:url\" content=\"https:\/\/sztgotthard-altisk.hu\/?page_id=12\" \/>\n<meta property=\"og:site_name\" content=\"Szent Gotth\u00e1rd \u00c1ltal\u00e1nos Iskola\" \/>\n<meta property=\"article:modified_time\" content=\"2015-09-04T14:27:00+00:00\" \/>\n<meta property=\"og:image\" content=\"http:\/\/www.sztgotthard-altisk.hu\/wp-content\/uploads\/2015\/09\/tortenet.png\" \/>\n<meta name=\"twitter:card\" content=\"summary_large_image\" \/>\n<meta name=\"twitter:label1\" content=\"Becs\u00fclt olvas\u00e1si id\u0151\" \/>\n\t<meta name=\"twitter:data1\" content=\"1 perc\" \/>\n<script type=\"application\/ld+json\" class=\"yoast-schema-graph\">{\"@context\":\"https:\/\/schema.org\",\"@graph\":[{\"@type\":\"WebPage\",\"@id\":\"https:\/\/sztgotthard-altisk.hu\/?page_id=12\",\"url\":\"https:\/\/sztgotthard-altisk.hu\/?page_id=12\",\"name\":\"T\u00f6rt\u00e9net - Szent Gotth\u00e1rd \u00c1ltal\u00e1nos Iskola\",\"isPartOf\":{\"@id\":\"https:\/\/sztgotthard-altisk.hu\/#website\"},\"primaryImageOfPage\":{\"@id\":\"https:\/\/sztgotthard-altisk.hu\/?page_id=12#primaryimage\"},\"image\":{\"@id\":\"https:\/\/sztgotthard-altisk.hu\/?page_id=12#primaryimage\"},\"thumbnailUrl\":\"http:\/\/www.sztgotthard-altisk.hu\/wp-content\/uploads\/2015\/09\/tortenet.png\",\"datePublished\":\"2015-09-03T11:05:11+00:00\",\"dateModified\":\"2015-09-04T14:27:00+00:00\",\"breadcrumb\":{\"@id\":\"https:\/\/sztgotthard-altisk.hu\/?page_id=12#breadcrumb\"},\"inLanguage\":\"hu\",\"potentialAction\":[{\"@type\":\"ReadAction\",\"target\":[\"https:\/\/sztgotthard-altisk.hu\/?page_id=12\"]}]},{\"@type\":\"ImageObject\",\"inLanguage\":\"hu\",\"@id\":\"https:\/\/sztgotthard-altisk.hu\/?page_id=12#primaryimage\",\"url\":\"http:\/\/www.sztgotthard-altisk.hu\/wp-content\/uploads\/2015\/09\/tortenet.png\",\"contentUrl\":\"http:\/\/www.sztgotthard-altisk.hu\/wp-content\/uploads\/2015\/09\/tortenet.png\"},{\"@type\":\"BreadcrumbList\",\"@id\":\"https:\/\/sztgotthard-altisk.hu\/?page_id=12#breadcrumb\",\"itemListElement\":[{\"@type\":\"ListItem\",\"position\":1,\"name\":\"Kezd\u0151lap\",\"item\":\"https:\/\/sztgotthard-altisk.hu\/\"},{\"@type\":\"ListItem\",\"position\":2,\"name\":\"T\u00f6rt\u00e9net\"}]},{\"@type\":\"WebSite\",\"@id\":\"https:\/\/sztgotthard-altisk.hu\/#website\",\"url\":\"https:\/\/sztgotthard-altisk.hu\/\",\"name\":\"Szent Gotth\u00e1rd \u00c1ltal\u00e1nos Iskola\",\"description\":\"Szent Gotth\u00e1rd \u00c1ltal\u00e1nos Iskola\",\"publisher\":{\"@id\":\"https:\/\/sztgotthard-altisk.hu\/#organization\"},\"potentialAction\":[{\"@type\":\"SearchAction\",\"target\":{\"@type\":\"EntryPoint\",\"urlTemplate\":\"https:\/\/sztgotthard-altisk.hu\/?s={search_term_string}\"},\"query-input\":{\"@type\":\"PropertyValueSpecification\",\"valueRequired\":true,\"valueName\":\"search_term_string\"}}],\"inLanguage\":\"hu\"},{\"@type\":\"Organization\",\"@id\":\"https:\/\/sztgotthard-altisk.hu\/#organization\",\"name\":\"Szent Gell\u00e9rt \u00c1ltal\u00e1nos Iskola\",\"url\":\"https:\/\/sztgotthard-altisk.hu\/\",\"logo\":{\"@type\":\"ImageObject\",\"inLanguage\":\"hu\",\"@id\":\"https:\/\/sztgotthard-altisk.hu\/#\/schema\/logo\/image\/\",\"url\":\"https:\/\/i0.wp.com\/www.sztgotthard-altisk.hu\/wp-content\/uploads\/2022\/01\/sztg_altisk_logo.png?fit=161%2C129&ssl=1\",\"contentUrl\":\"https:\/\/i0.wp.com\/www.sztgotthard-altisk.hu\/wp-content\/uploads\/2022\/01\/sztg_altisk_logo.png?fit=161%2C129&ssl=1\",\"width\":161,\"height\":129,\"caption\":\"Szent Gell\u00e9rt \u00c1ltal\u00e1nos Iskola\"},\"image\":{\"@id\":\"https:\/\/sztgotthard-altisk.hu\/#\/schema\/logo\/image\/\"}}]}<\/script>\n<!-- \/ Yoast SEO plugin. -->","yoast_head_json":{"title":"T\u00f6rt\u00e9net - Szent Gotth\u00e1rd \u00c1ltal\u00e1nos Iskola","robots":{"index":"index","follow":"follow","max-snippet":"max-snippet:-1","max-image-preview":"max-image-preview:large","max-video-preview":"max-video-preview:-1"},"canonical":"https:\/\/sztgotthard-altisk.hu\/?page_id=12","og_locale":"hu_HU","og_type":"article","og_title":"T\u00f6rt\u00e9net - Szent Gotth\u00e1rd \u00c1ltal\u00e1nos Iskola","og_description":"1985. \u00daj iskola kezdte meg m\u0171k\u00f6d\u00e9s\u00e9t Szentgotth\u00e1rdon 2.sz. \u00c1ltal\u00e1nos Iskola n\u00e9ven. Helyet adott 600 tanul\u00f3nak \u00e9s 57 pedag\u00f3gusnak. Alap\u00edt\u00e1sakor arculat\u00e1t h\u00e1rom t\u00e9nyez\u0151 hat\u00e1rozta meg: \u2022 v\u00e1rosi \u00e9s k\u00f6rzeti feladatok ell\u00e1t\u00e1sa \u2022 szlov\u00e9n \u00e9s n\u00e9met nemzetis\u00e9gi oktat\u00e1s \u2022 emelt \u00f3rasz\u00e1m\u00fa testnevel\u00e9s-oktat\u00e1s F\u00f6ldrajzi elhelyezked\u00e9s\u00e9b\u0151l ad\u00f3d\u00f3an a k\u00f6rny\u00e9k nemzetis\u00e9gi falvaib\u00f3l \u00e9rkez\u0151 tanul\u00f3k anyanyelvi oktat\u00e1s\u00e1t is fel kellett v\u00e1llalni. [&hellip;]","og_url":"https:\/\/sztgotthard-altisk.hu\/?page_id=12","og_site_name":"Szent Gotth\u00e1rd \u00c1ltal\u00e1nos Iskola","article_modified_time":"2015-09-04T14:27:00+00:00","og_image":[{"url":"http:\/\/www.sztgotthard-altisk.hu\/wp-content\/uploads\/2015\/09\/tortenet.png","type":"","width":"","height":""}],"twitter_card":"summary_large_image","twitter_misc":{"Becs\u00fclt olvas\u00e1si id\u0151":"1 perc"},"schema":{"@context":"https:\/\/schema.org","@graph":[{"@type":"WebPage","@id":"https:\/\/sztgotthard-altisk.hu\/?page_id=12","url":"https:\/\/sztgotthard-altisk.hu\/?page_id=12","name":"T\u00f6rt\u00e9net - Szent Gotth\u00e1rd \u00c1ltal\u00e1nos Iskola","isPartOf":{"@id":"https:\/\/sztgotthard-altisk.hu\/#website"},"primaryImageOfPage":{"@id":"https:\/\/sztgotthard-altisk.hu\/?page_id=12#primaryimage"},"image":{"@id":"https:\/\/sztgotthard-altisk.hu\/?page_id=12#primaryimage"},"thumbnailUrl":"http:\/\/www.sztgotthard-altisk.hu\/wp-content\/uploads\/2015\/09\/tortenet.png","datePublished":"2015-09-03T11:05:11+00:00","dateModified":"2015-09-04T14:27:00+00:00","breadcrumb":{"@id":"https:\/\/sztgotthard-altisk.hu\/?page_id=12#breadcrumb"},"inLanguage":"hu","potentialAction":[{"@type":"ReadAction","target":["https:\/\/sztgotthard-altisk.hu\/?page_id=12"]}]},{"@type":"ImageObject","inLanguage":"hu","@id":"https:\/\/sztgotthard-altisk.hu\/?page_id=12#primaryimage","url":"http:\/\/www.sztgotthard-altisk.hu\/wp-content\/uploads\/2015\/09\/tortenet.png","contentUrl":"http:\/\/www.sztgotthard-altisk.hu\/wp-content\/uploads\/2015\/09\/tortenet.png"},{"@type":"BreadcrumbList","@id":"https:\/\/sztgotthard-altisk.hu\/?page_id=12#breadcrumb","itemListElement":[{"@type":"ListItem","position":1,"name":"Kezd\u0151lap","item":"https:\/\/sztgotthard-altisk.hu\/"},{"@type":"ListItem","position":2,"name":"T\u00f6rt\u00e9net"}]},{"@type":"WebSite","@id":"https:\/\/sztgotthard-altisk.hu\/#website","url":"https:\/\/sztgotthard-altisk.hu\/","name":"Szent Gotth\u00e1rd \u00c1ltal\u00e1nos Iskola","description":"Szent Gotth\u00e1rd \u00c1ltal\u00e1nos Iskola","publisher":{"@id":"https:\/\/sztgotthard-altisk.hu\/#organization"},"potentialAction":[{"@type":"SearchAction","target":{"@type":"EntryPoint","urlTemplate":"https:\/\/sztgotthard-altisk.hu\/?s={search_term_string}"},"query-input":{"@type":"PropertyValueSpecification","valueRequired":true,"valueName":"search_term_string"}}],"inLanguage":"hu"},{"@type":"Organization","@id":"https:\/\/sztgotthard-altisk.hu\/#organization","name":"Szent Gell\u00e9rt \u00c1ltal\u00e1nos Iskola","url":"https:\/\/sztgotthard-altisk.hu\/","logo":{"@type":"ImageObject","inLanguage":"hu","@id":"https:\/\/sztgotthard-altisk.hu\/#\/schema\/logo\/image\/","url":"https:\/\/i0.wp.com\/www.sztgotthard-altisk.hu\/wp-content\/uploads\/2022\/01\/sztg_altisk_logo.png?fit=161%2C129&ssl=1","contentUrl":"https:\/\/i0.wp.com\/www.sztgotthard-altisk.hu\/wp-content\/uploads\/2022\/01\/sztg_altisk_logo.png?fit=161%2C129&ssl=1","width":161,"height":129,"caption":"Szent Gell\u00e9rt \u00c1ltal\u00e1nos Iskola"},"image":{"@id":"https:\/\/sztgotthard-altisk.hu\/#\/schema\/logo\/image\/"}}]}},"jetpack_shortlink":"https:\/\/wp.me\/P9tyQr-c","jetpack_sharing_enabled":true,"_links":{"self":[{"href":"https:\/\/sztgotthard-altisk.hu\/index.php?rest_route=\/wp\/v2\/pages\/12","targetHints":{"allow":["GET"]}}],"collection":[{"href":"https:\/\/sztgotthard-altisk.hu\/index.php?rest_route=\/wp\/v2\/pages"}],"about":[{"href":"https:\/\/sztgotthard-altisk.hu\/index.php?rest_route=\/wp\/v2\/types\/page"}],"author":[{"embeddable":true,"href":"https:\/\/sztgotthard-altisk.hu\/index.php?rest_route=\/wp\/v2\/users\/4"}],"replies":[{"embeddable":true,"href":"https:\/\/sztgotthard-altisk.hu\/index.php?rest_route=%2Fwp%2Fv2%2Fcomments&post=12"}],"version-history":[{"count":2,"href":"https:\/\/sztgotthard-altisk.hu\/index.php?rest_route=\/wp\/v2\/pages\/12\/revisions"}],"predecessor-version":[{"id":83,"href":"https:\/\/sztgotthard-altisk.hu\/index.php?rest_route=\/wp\/v2\/pages\/12\/revisions\/83"}],"wp:attachment":[{"href":"https:\/\/sztgotthard-altisk.hu\/index.php?rest_route=%2Fwp%2Fv2%2Fmedia&parent=12"}],"curies":[{"name":"wp","href":"https:\/\/api.w.org\/{rel}","templated":true}]}}